{"id":1748,"date":"2026-02-16T16:47:54","date_gmt":"2026-02-16T15:47:54","guid":{"rendered":"https:\/\/vaellolegal.com\/comunitati-de-proprietari\/"},"modified":"2026-03-13T18:19:42","modified_gmt":"2026-03-13T17:19:42","slug":"comunitati-de-proprietari","status":"publish","type":"page","link":"https:\/\/vaellolegal.com\/ro\/comunitati-de-proprietari\/","title":{"rendered":"Comunit\u0103\u021bi de proprietari"},"content":{"rendered":"\t\t<div data-elementor-type=\"wp-page\" data-elementor-id=\"1748\" class=\"elementor elementor-1748 elementor-1477\" data-elementor-post-type=\"page\">\n\t\t\t\t<div class=\"elementor-element elementor-element-2d0bfaf e-flex e-con-boxed e-con e-parent\" data-id=\"2d0bfaf\" data-element_type=\"container\" data-e-type=\"container\" data-settings=\"{&quot;background_background&quot;:&quot;classic&quot;}\">\n\t\t\t\t\t<div class=\"e-con-inner\">\n\t\t\t\t<div class=\"elementor-element elementor-element-e7532e8 elementor-widget elementor-widget-heading\" data-id=\"e7532e8\" data-element_type=\"widget\" data-e-type=\"widget\" data-widget_type=\"heading.default\">\n\t\t\t\t<div class=\"elementor-widget-container\">\n\t\t\t\t\t<h1 class=\"elementor-heading-title elementor-size-default\">Consultan\u021b\u0103 juridic\u0103 privind condominiile \u0219i litigiile de vecin\u0103tate<\/h1>\t\t\t\t<\/div>\n\t\t\t\t<\/div>\n\t\t\t\t<div class=\"elementor-element elementor-element-1a08c69 elementor-widget__width-initial elementor-widget-tablet__width-inherit elementor-widget elementor-widget-heading\" data-id=\"1a08c69\" data-element_type=\"widget\" data-e-type=\"widget\" data-widget_type=\"heading.default\">\n\t\t\t\t<div class=\"elementor-widget-container\">\n\t\t\t\t\t<p class=\"elementor-heading-title elementor-size-default\">Speciali\u0219ti \u00een dreptul imobiliar, dreptul propriet\u0103\u021bii orizontale \u0219i solu\u021bionarea conflictelor \u00een cadrul asocia\u021biilor de proprietari de locuin\u021be.<\/p>\t\t\t\t<\/div>\n\t\t\t\t<\/div>\n\t\t\t\t<div class=\"elementor-element elementor-element-42d5cd9 elementor-widget elementor-widget-button\" data-id=\"42d5cd9\" data-element_type=\"widget\" data-e-type=\"widget\" data-widget_type=\"button.default\">\n\t\t\t\t<div class=\"elementor-widget-container\">\n\t\t\t\t\t\t\t\t\t<div class=\"elementor-button-wrapper\">\n\t\t\t\t\t<a class=\"elementor-button elementor-button-link elementor-size-sm\" href=\"#contact-section\">\n\t\t\t\t\t\t<span class=\"elementor-button-content-wrapper\">\n\t\t\t\t\t\t\t\t\t<span class=\"elementor-button-text\">V\u0102 REZOLVA\u021aI \u00ceNDOIELILE JURIDICE<\/span>\n\t\t\t\t\t<\/span>\n\t\t\t\t\t<\/a>\n\t\t\t\t<\/div>\n\t\t\t\t\t\t\t\t<\/div>\n\t\t\t\t<\/div>\n\t\t\t\t\t<\/div>\n\t\t\t\t<\/div>\n\t\t<div class=\"elementor-element elementor-element-372c02c e-flex e-con-boxed e-con e-parent\" data-id=\"372c02c\" data-element_type=\"container\" data-e-type=\"container\">\n\t\t\t\t\t<div class=\"e-con-inner\">\n\t\t\t\t<div class=\"elementor-element elementor-element-d5d376f elementor-widget elementor-widget-heading\" data-id=\"d5d376f\" data-element_type=\"widget\" data-e-type=\"widget\" data-widget_type=\"heading.default\">\n\t\t\t\t<div class=\"elementor-widget-container\">\n\t\t\t\t\t<h2 class=\"elementor-heading-title elementor-size-default\">Rezolv\u0103-\u021bi \u00eendoielile juridice<\/h2>\t\t\t\t<\/div>\n\t\t\t\t<\/div>\n\t\t\t\t<div class=\"elementor-element elementor-element-7d3044f elementor-widget elementor-widget-text-editor\" data-id=\"7d3044f\" data-element_type=\"widget\" data-e-type=\"widget\" data-widget_type=\"text-editor.default\">\n\t\t\t\t<div class=\"elementor-widget-container\">\n\t\t\t\t\t\t\t\t\t<p data-start=\"533\" data-end=\"811\">A tr\u0103i \u00eentr-o comunitate de proprietari implic\u0103 mult mai mult dec\u00e2t \u00eemp\u0103r\u021birea cheltuielilor. \u00censeamn\u0103 s\u0103 tr\u0103ie\u0219ti sub un regim juridic specific &#8211; Legea propriet\u0103\u021bii orizontale \u0219i reglement\u0103rile regionale catalane &#8211; care reglementeaz\u0103 drepturile, obliga\u021biile, majorit\u0103\u021bile, lucr\u0103rile, cotele \u0219i responsabilit\u0103\u021bile. <\/p><p data-start=\"813\" data-end=\"882\">Atunci c\u00e2nd apar conflicte, improviza\u021bia agraveaz\u0103 adesea problema.<\/p><p data-start=\"884\" data-end=\"1064\">La Vaello Legal oferim consultan\u021b\u0103 asocia\u021biilor de proprietari, pre\u0219edin\u021bilor, administratorilor \u0219i vecinilor din Barcelona de mai bine de 20 de ani, at\u00e2t \u00een ceea ce prive\u0219te prevenirea, c\u00e2t \u0219i ap\u0103rarea juridic\u0103.<\/p>\t\t\t\t\t\t\t\t<\/div>\n\t\t\t\t<\/div>\n\t\t\t\t\t<\/div>\n\t\t\t\t<\/div>\n\t\t<div class=\"elementor-element elementor-element-93afcb5 e-flex e-con-boxed e-con e-parent\" data-id=\"93afcb5\" data-element_type=\"container\" data-e-type=\"container\">\n\t\t\t\t\t<div class=\"e-con-inner\">\n\t\t\t\t<div class=\"elementor-element elementor-element-6958d76 elementor-widget elementor-widget-heading\" data-id=\"6958d76\" data-element_type=\"widget\" data-e-type=\"widget\" data-widget_type=\"heading.default\">\n\t\t\t\t<div class=\"elementor-widget-container\">\n\t\t\t\t\t<h2 class=\"elementor-heading-title elementor-size-default\">Sfaturi pentru comunit\u0103\u021bi \u0219i pre\u0219edin\u021bi<\/h2>\t\t\t\t<\/div>\n\t\t\t\t<\/div>\n\t\t\t\t<div class=\"elementor-element elementor-element-f923c1d elementor-widget elementor-widget-heading\" data-id=\"f923c1d\" data-element_type=\"widget\" data-e-type=\"widget\" data-widget_type=\"heading.default\">\n\t\t\t\t<div class=\"elementor-widget-container\">\n\t\t\t\t\t<h3 class=\"elementor-heading-title elementor-size-default\">Gestionarea unei comunit\u0103\u021bi necesit\u0103 rigoare juridic\u0103.<\/h3>\t\t\t\t<\/div>\n\t\t\t\t<\/div>\n\t\t\t\t<div class=\"elementor-element elementor-element-08ac157 elementor-widget elementor-widget-text-editor\" data-id=\"08ac157\" data-element_type=\"widget\" data-e-type=\"widget\" data-widget_type=\"text-editor.default\">\n\t\t\t\t<div class=\"elementor-widget-container\">\n\t\t\t\t\t\t\t\t\t<p data-start=\"1166\" data-end=\"1314\">Pre\u0219edintele \u0219i comunitatea pot fi trase la r\u0103spundere civil\u0103 dac\u0103 acordurile nu sunt adoptate corect sau dac\u0103 nu ac\u021bioneaz\u0103 \u00een conformitate cu legea.<\/p><p data-start=\"1316\" data-end=\"1357\">Gre\u0219eli comune pe care le vedem \u00een fiecare s\u0103pt\u0103m\u00e2n\u0103:<\/p><ul data-start=\"1359\" data-end=\"1627\"><li data-start=\"1359\" data-end=\"1409\"><p data-start=\"1361\" data-end=\"1409\">Rezolu\u021bii adoptate f\u0103r\u0103 majoritatea legal\u0103 necesar\u0103.<\/p><\/li><li data-start=\"1410\" data-end=\"1436\"><p data-start=\"1412\" data-end=\"1436\">Devers\u0103ri neconsiderate.<\/p><\/li><li data-start=\"1437\" data-end=\"1487\"><p data-start=\"1439\" data-end=\"1487\">Lucr\u0103ri aprobate f\u0103r\u0103 a \u00eendeplini cerin\u021bele formale.<\/p><\/li><li data-start=\"1488\" data-end=\"1519\"><p data-start=\"1490\" data-end=\"1519\">Repartizarea incorect\u0103 a costurilor.<\/p><\/li><li data-start=\"1520\" data-end=\"1566\"><p data-start=\"1522\" data-end=\"1566\">Statut conflictual sau dep\u0103\u0219it.<\/p><\/li><li data-start=\"1567\" data-end=\"1627\"><p data-start=\"1569\" data-end=\"1627\">Contestarea rezolu\u021biilor din cauza unor defecte ale convoc\u0103rii.<\/p><\/li><\/ul><p data-start=\"1629\" data-end=\"1713\">O \u0219edin\u021b\u0103 convocat\u0103 necorespunz\u0103tor sau un proces-verbal redactat necorespunz\u0103tor pot anula decizii importante.<\/p>\t\t\t\t\t\t\t\t<\/div>\n\t\t\t\t<\/div>\n\t\t\t\t<div class=\"elementor-element elementor-element-49adfd7 elementor-widget elementor-widget-button\" data-id=\"49adfd7\" data-element_type=\"widget\" data-e-type=\"widget\" data-widget_type=\"button.default\">\n\t\t\t\t<div class=\"elementor-widget-container\">\n\t\t\t\t\t\t\t\t\t<div class=\"elementor-button-wrapper\">\n\t\t\t\t\t<a class=\"elementor-button elementor-button-link elementor-size-sm\" href=\"#contact-section\">\n\t\t\t\t\t\t<span class=\"elementor-button-content-wrapper\">\n\t\t\t\t\t\t\t\t\t<span class=\"elementor-button-text\">V\u0102 REZOLVA\u021aI \u00ceNDOIELILE JURIDICE<\/span>\n\t\t\t\t\t<\/span>\n\t\t\t\t\t<\/a>\n\t\t\t\t<\/div>\n\t\t\t\t\t\t\t\t<\/div>\n\t\t\t\t<\/div>\n\t\t\t\t\t<\/div>\n\t\t\t\t<\/div>\n\t\t<div class=\"elementor-element elementor-element-fd5e177 e-flex e-con-boxed e-con e-parent\" data-id=\"fd5e177\" data-element_type=\"container\" data-e-type=\"container\" data-settings=\"{&quot;background_background&quot;:&quot;classic&quot;}\">\n\t\t\t\t\t<div class=\"e-con-inner\">\n\t\t<div class=\"elementor-element elementor-element-446079a e-con-full e-flex e-con e-child\" data-id=\"446079a\" data-element_type=\"container\" data-e-type=\"container\">\n\t\t<div class=\"elementor-element elementor-element-e68664b e-con-full e-flex e-con e-child\" data-id=\"e68664b\" data-element_type=\"container\" data-e-type=\"container\">\n\t\t\t\t<div class=\"elementor-element elementor-element-6198609 elementor-widget elementor-widget-heading\" data-id=\"6198609\" data-element_type=\"widget\" data-e-type=\"widget\" data-widget_type=\"heading.default\">\n\t\t\t\t<div class=\"elementor-widget-container\">\n\t\t\t\t\t<h3 class=\"elementor-heading-title elementor-size-default\">Ce facem pentru comunitate?<\/h3>\t\t\t\t<\/div>\n\t\t\t\t<\/div>\n\t\t\t\t<div class=\"elementor-element elementor-element-c146d20 elementor-widget elementor-widget-text-editor\" data-id=\"c146d20\" data-element_type=\"widget\" data-e-type=\"widget\" data-widget_type=\"text-editor.default\">\n\t\t\t\t<div class=\"elementor-widget-container\">\n\t\t\t\t\t\t\t\t\t<ul data-start=\"1751\" data-end=\"2169\"><li data-start=\"1751\" data-end=\"1799\"><p data-start=\"1753\" data-end=\"1799\">Consiliere \u00eenainte de reuniunile proprietarilor.<\/p><\/li><li data-start=\"1800\" data-end=\"1844\"><p data-start=\"1802\" data-end=\"1844\">Revizuirea anun\u021burilor \u0219i a ordinii de zi.<\/p><\/li><li data-start=\"1845\" data-end=\"1877\"><p data-start=\"1847\" data-end=\"1877\">Redactarea sau revizuirea proceselor-verbale.<\/p><\/li><li data-start=\"1878\" data-end=\"1930\"><p data-start=\"1880\" data-end=\"1930\">Analiza majorit\u0103\u021bilor necesare pentru fiecare acord.<\/p><\/li><li data-start=\"1931\" data-end=\"1978\"><p data-start=\"1933\" data-end=\"1978\">Provocarea sau ap\u0103rarea \u00eempotriva provoc\u0103rilor.<\/p><\/li><\/ul>\t\t\t\t\t\t\t\t<\/div>\n\t\t\t\t<\/div>\n\t\t\t\t<\/div>\n\t\t<div class=\"elementor-element elementor-element-dec2ca5 e-con-full e-flex e-con e-child\" data-id=\"dec2ca5\" data-element_type=\"container\" data-e-type=\"container\" data-settings=\"{&quot;background_background&quot;:&quot;classic&quot;}\">\n\t\t\t\t<\/div>\n\t\t\t\t<\/div>\n\t\t<div class=\"elementor-element elementor-element-edf079c e-con-full e-flex e-con e-child\" data-id=\"edf079c\" data-element_type=\"container\" data-e-type=\"container\">\n\t\t<div class=\"elementor-element elementor-element-946d996 e-con-full e-flex e-con e-child\" data-id=\"946d996\" data-element_type=\"container\" data-e-type=\"container\" data-settings=\"{&quot;background_background&quot;:&quot;classic&quot;}\">\n\t\t\t\t<\/div>\n\t\t<div class=\"elementor-element elementor-element-30a143b e-con-full e-flex e-con e-child\" data-id=\"30a143b\" data-element_type=\"container\" data-e-type=\"container\">\n\t\t\t\t<div class=\"elementor-element elementor-element-197433b elementor-widget elementor-widget-text-editor\" data-id=\"197433b\" data-element_type=\"widget\" data-e-type=\"widget\" data-widget_type=\"text-editor.default\">\n\t\t\t\t<div class=\"elementor-widget-container\">\n\t\t\t\t\t\t\t\t\t<ul data-start=\"1751\" data-end=\"2169\"><li data-start=\"1979\" data-end=\"2022\"><p data-start=\"1981\" data-end=\"2022\">Ac\u021biuni \u00een justi\u021bie pentru cote nepl\u0103tite.<\/p><\/li><li data-start=\"2023\" data-end=\"2074\"><p data-start=\"2025\" data-end=\"2074\">Consultan\u021b\u0103 privind lucr\u0103rile de construc\u021bie, scurgerile \u0219i accesibilitatea.<\/p><\/li><li data-start=\"2075\" data-end=\"2119\"><p data-start=\"2077\" data-end=\"2119\">Actualizarea sau modificarea statutelor.<\/p><\/li><li data-start=\"2120\" data-end=\"2169\"><p data-start=\"2122\" data-end=\"2169\">Ap\u0103rarea \u00eempotriva preten\u021biilor proprietarilor.<\/p><\/li><\/ul><p data-start=\"2171\" data-end=\"2272\">Scopul nostru este de a proteja juridic deciziile comunitare \u0219i de a evita litigiile inutile.<\/p>\t\t\t\t\t\t\t\t<\/div>\n\t\t\t\t<\/div>\n\t\t\t\t<\/div>\n\t\t\t\t<\/div>\n\t\t\t\t\t<\/div>\n\t\t\t\t<\/div>\n\t\t<div class=\"elementor-element elementor-element-49904ef e-flex e-con-boxed e-con e-parent\" data-id=\"49904ef\" data-element_type=\"container\" data-e-type=\"container\">\n\t\t\t\t\t<div class=\"e-con-inner\">\n\t\t\t\t<div class=\"elementor-element elementor-element-aabdf7b elementor-widget elementor-widget-heading\" data-id=\"aabdf7b\" data-element_type=\"widget\" data-e-type=\"widget\" data-widget_type=\"heading.default\">\n\t\t\t\t<div class=\"elementor-widget-container\">\n\t\t\t\t\t<h2 class=\"elementor-heading-title elementor-size-default\">Ap\u0103rarea proprietarilor individuali<\/h2>\t\t\t\t<\/div>\n\t\t\t\t<\/div>\n\t\t\t\t<div class=\"elementor-element elementor-element-d7617cd elementor-widget elementor-widget-heading\" data-id=\"d7617cd\" data-element_type=\"widget\" data-e-type=\"widget\" data-widget_type=\"heading.default\">\n\t\t\t\t<div class=\"elementor-widget-container\">\n\t\t\t\t\t<h3 class=\"elementor-heading-title elementor-size-default\">De asemenea, v\u0103 protej\u0103m drepturile fa\u021b\u0103 de comunitate.<\/h3>\t\t\t\t<\/div>\n\t\t\t\t<\/div>\n\t\t\t\t<div class=\"elementor-element elementor-element-4d19217 elementor-widget elementor-widget-text-editor\" data-id=\"4d19217\" data-element_type=\"widget\" data-e-type=\"widget\" data-widget_type=\"text-editor.default\">\n\t\t\t\t<div class=\"elementor-widget-container\">\n\t\t\t\t\t\t\t\t\t<p data-start=\"2378\" data-end=\"2514\">Comunitatea nu ac\u021bioneaz\u0103 \u00eentotdeauna corect. Aceasta poate impune costuri nejustificate, poate aproba acorduri ilegale sau poate \u00eenc\u0103lca drepturile individuale. <\/p><p data-start=\"2516\" data-end=\"2539\">Situa\u021bii tipice:<\/p><ul data-start=\"2541\" data-end=\"2826\"><li data-start=\"2541\" data-end=\"2586\"><p data-start=\"2543\" data-end=\"2586\">devers\u0103ri dispropor\u021bionate sau slab aprobate.<\/p><\/li><li data-start=\"2587\" data-end=\"2630\"><p data-start=\"2589\" data-end=\"2630\">Lucr\u0103ri care afecteaz\u0103 elemente private.<\/p><\/li><li data-start=\"2631\" data-end=\"2668\"><p data-start=\"2633\" data-end=\"2668\">Interdic\u021bii f\u0103r\u0103 baz\u0103 legal\u0103.<\/p><\/li><li data-start=\"2669\" data-end=\"2731\"><p data-start=\"2671\" data-end=\"2731\">Facilit\u0103\u021bi comunitare impuse f\u0103r\u0103 o majoritate suficient\u0103.<\/p><\/li><li data-start=\"2732\" data-end=\"2770\"><p data-start=\"2734\" data-end=\"2770\">Dispute privind utilizarea spa\u021biilor comune.<\/p><\/li><li data-start=\"2771\" data-end=\"2826\"><p data-start=\"2773\" data-end=\"2826\">Refuzul nejustificat de a autoriza lucr\u0103ri la locuin\u021be.<\/p><\/li><\/ul><p data-start=\"2828\" data-end=\"2930\">\u00cen cazul \u00een care un acord este contrar legii sau statutului, acesta poate fi contestat \u00een instan\u021b\u0103 \u00een termenul stabilit.<\/p>\t\t\t\t\t\t\t\t<\/div>\n\t\t\t\t<\/div>\n\t\t\t\t<div class=\"elementor-element elementor-element-15f5a87 elementor-widget elementor-widget-heading\" data-id=\"15f5a87\" data-element_type=\"widget\" data-e-type=\"widget\" data-widget_type=\"heading.default\">\n\t\t\t\t<div class=\"elementor-widget-container\">\n\t\t\t\t\t<h3 class=\"elementor-heading-title elementor-size-default\">Cum v\u0103 putem ajuta?<\/h3>\t\t\t\t<\/div>\n\t\t\t\t<\/div>\n\t\t\t\t<div class=\"elementor-element elementor-element-b652f22 elementor-widget elementor-widget-text-editor\" data-id=\"b652f22\" data-element_type=\"widget\" data-e-type=\"widget\" data-widget_type=\"text-editor.default\">\n\t\t\t\t<div class=\"elementor-widget-container\">\n\t\t\t\t\t\t\t\t\t<ul data-start=\"2961\" data-end=\"3279\"><li data-start=\"2961\" data-end=\"3007\"><p data-start=\"2963\" data-end=\"3007\">Revizuirea legalit\u0103\u021bii acordurilor adoptate.<\/p><\/li><li data-start=\"3008\" data-end=\"3056\"><p data-start=\"3010\" data-end=\"3056\">Contestarea judiciar\u0103 a acordurilor comunitare.<\/p><\/li><li data-start=\"3057\" data-end=\"3106\"><p data-start=\"3059\" data-end=\"3106\">Ap\u0103rarea \u00eempotriva revendic\u0103rilor comunitare.<\/p><\/li><li data-start=\"3107\" data-end=\"3171\"><p data-start=\"3109\" data-end=\"3171\">Consiliere \u00een litigiile privind zgomotul sau activit\u0103\u021bile d\u0103un\u0103toare.<\/p><\/li><li data-start=\"3172\" data-end=\"3214\"><p data-start=\"3174\" data-end=\"3214\">Ap\u0103rarea \u00een procedurile \u00een lips\u0103.<\/p><\/li><li data-start=\"3215\" data-end=\"3279\"><p data-start=\"3217\" data-end=\"3279\">Medierea de vecin\u0103tate atunci c\u00e2nd este posibil\u0103 o solu\u021bie extrajudiciar\u0103.<\/p><\/li><\/ul><p data-start=\"3281\" data-end=\"3370\">Este esen\u021bial s\u0103 ac\u021biona\u021bi la timp: multe acorduri pot fi contestate doar \u00een termen de 3 luni.<\/p>\t\t\t\t\t\t\t\t<\/div>\n\t\t\t\t<\/div>\n\t\t\t\t<div class=\"elementor-element elementor-element-87e3510 elementor-widget elementor-widget-button\" data-id=\"87e3510\" data-element_type=\"widget\" data-e-type=\"widget\" data-widget_type=\"button.default\">\n\t\t\t\t<div class=\"elementor-widget-container\">\n\t\t\t\t\t\t\t\t\t<div class=\"elementor-button-wrapper\">\n\t\t\t\t\t<a class=\"elementor-button elementor-button-link elementor-size-sm\" href=\"#contact-section\">\n\t\t\t\t\t\t<span class=\"elementor-button-content-wrapper\">\n\t\t\t\t\t\t\t\t\t<span class=\"elementor-button-text\">V\u0102 REZOLVA\u021aI \u00ceNDOIELILE JURIDICE<\/span>\n\t\t\t\t\t<\/span>\n\t\t\t\t\t<\/a>\n\t\t\t\t<\/div>\n\t\t\t\t\t\t\t\t<\/div>\n\t\t\t\t<\/div>\n\t\t<div class=\"elementor-element elementor-element-9dcd124 e-con-full e-flex e-con e-child\" data-id=\"9dcd124\" data-element_type=\"container\" data-e-type=\"container\" data-settings=\"{&quot;background_background&quot;:&quot;classic&quot;}\">\n\t\t\t\t<\/div>\n\t\t\t\t<div class=\"elementor-element elementor-element-58ef1d9 elementor-widget elementor-widget-heading\" data-id=\"58ef1d9\" data-element_type=\"widget\" data-e-type=\"widget\" data-widget_type=\"heading.default\">\n\t\t\t\t<div class=\"elementor-widget-container\">\n\t\t\t\t\t<h2 class=\"elementor-heading-title elementor-size-default\">Conflicte frecvente \u00een cadrul asocia\u021biilor de proprietari de locuin\u021be<\/h2>\t\t\t\t<\/div>\n\t\t\t\t<\/div>\n\t\t\t\t<div class=\"elementor-element elementor-element-5648075 elementor-widget elementor-widget-text-editor\" data-id=\"5648075\" data-element_type=\"widget\" data-e-type=\"widget\" data-widget_type=\"text-editor.default\">\n\t\t\t\t<div class=\"elementor-widget-container\">\n\t\t\t\t\t\t\t\t\t<p data-start=\"3433\" data-end=\"3475\">\u00cen Barcelona, acestea sunt deosebit de frecvente:<\/p><ul data-start=\"3477\" data-end=\"3769\"><li data-start=\"3477\" data-end=\"3513\"><p data-start=\"3479\" data-end=\"3513\">Reclama\u021bii de \u00eent\u00e2rziere \u0219i cotiza\u021bii.<\/p><\/li><li data-start=\"3514\" data-end=\"3584\"><p data-start=\"3516\" data-end=\"3584\">Instalarea de ascensoare \u0219i eliminarea barierelor arhitecturale.<\/p><\/li><li data-start=\"3585\" data-end=\"3634\"><p data-start=\"3587\" data-end=\"3634\">\u00cenchiriere turistic\u0103 \u0219i limit\u0103ri legale.<\/p><\/li><li data-start=\"3635\" data-end=\"3681\"><p data-start=\"3637\" data-end=\"3681\">Lucr\u0103ri pe fa\u021bade \u0219i elemente structurale.<\/p><\/li><li data-start=\"3682\" data-end=\"3719\"><p data-start=\"3684\" data-end=\"3719\">Utilizarea privat\u0103 a teraselor \u0219i a cur\u021bilor.<\/p><\/li><li data-start=\"3720\" data-end=\"3769\"><p data-start=\"3722\" data-end=\"3769\">R\u0103spunderea pentru deteriorarea elementelor comune.<\/p><\/li><\/ul><p data-start=\"3771\" data-end=\"3840\">Fiecare dintre aceste conflicte necesit\u0103 o analiz\u0103 tehnic\u0103 \u0219i strategic\u0103.<\/p>\t\t\t\t\t\t\t\t<\/div>\n\t\t\t\t<\/div>\n\t\t\t\t<div class=\"elementor-element elementor-element-0e5b68f elementor-widget elementor-widget-heading\" data-id=\"0e5b68f\" data-element_type=\"widget\" data-e-type=\"widget\" data-widget_type=\"heading.default\">\n\t\t\t\t<div class=\"elementor-widget-container\">\n\t\t\t\t\t<h2 class=\"elementor-heading-title elementor-size-default\">Mai mult dec\u00e2t o problem\u0103 de vecin\u0103tate: o problem\u0103 juridic\u0103<\/h2>\t\t\t\t<\/div>\n\t\t\t\t<\/div>\n\t\t\t\t<div class=\"elementor-element elementor-element-0b94e0b elementor-widget elementor-widget-text-editor\" data-id=\"0b94e0b\" data-element_type=\"widget\" data-e-type=\"widget\" data-widget_type=\"text-editor.default\">\n\t\t\t\t<div class=\"elementor-widget-container\">\n\t\t\t\t\t\t\t\t\t<div class=\"flex flex-col text-sm pb-25\"><article class=\"text-token-text-primary w-full focus:outline-none [--shadow-height:45px] has-data-writing-block:pointer-events-none has-data-writing-block:-mt-(--shadow-height) has-data-writing-block:pt-(--shadow-height) [&amp;:has([data-writing-block])&gt;*]:pointer-events-auto scroll-mt-[calc(var(--header-height)+min(200px,max(70px,20svh)))]\" dir=\"auto\" tabindex=\"-1\" data-turn-id=\"request-69836ad6-b088-8332-b16f-dbe9819726dd-2\" data-testid=\"conversation-turn-75\" data-scroll-anchor=\"true\" data-turn=\"assistant\"><div class=\"text-base my-auto mx-auto pb-10 [--thread-content-margin:--spacing(4)] @w-sm\/main:[--thread-content-margin:--spacing(6)] @w-lg\/main:[--thread-content-margin:--spacing(16)] px-(--thread-content-margin)\"><div class=\"[--thread-content-max-width:40rem] @w-lg\/main:[--thread-content-max-width:48rem] mx-auto max-w-(--thread-content-max-width) flex-1 group\/turn-messages focus-visible:outline-hidden relative flex w-full min-w-0 flex-col agent-turn\" tabindex=\"-1\"><div class=\"flex max-w-full flex-col grow\"><div class=\"min-h-8 text-message relative flex w-full flex-col items-end gap-2 text-start break-words whitespace-normal [.text-message+&amp;]:mt-1\" dir=\"auto\" data-message-author-role=\"assistant\" data-message-id=\"c2d48ecd-0367-4f59-a1f0-92970ae3fd81\" data-message-model-slug=\"gpt-5-2\"><div class=\"flex w-full flex-col gap-1 empty:hidden first:pt-[1px]\"><div class=\"markdown prose dark:prose-invert w-full wrap-break-word light markdown-new-styling\"><p data-start=\"3901\" data-end=\"3976\">Conflictele \u00een comunit\u0103\u021bi nu sunt doar dispute personale. Ele implic\u0103: <\/p><ul data-start=\"3978\" data-end=\"4158\"><li data-start=\"3978\" data-end=\"4008\"><p data-start=\"3980\" data-end=\"4008\">Interpretarea statutelor.<\/p><\/li><li data-start=\"4009\" data-end=\"4056\"><p data-start=\"4011\" data-end=\"4056\">Aplicarea dreptului de proprietate orizontal\u0103.<\/p><\/li><li data-start=\"4057\" data-end=\"4092\"><p data-start=\"4059\" data-end=\"4092\">Calcularea majorit\u0103\u021bilor calificate.<\/p><\/li><li data-start=\"4093\" data-end=\"4117\"><p data-start=\"4095\" data-end=\"4117\">R\u0103spundere civil\u0103.<\/p><\/li><li data-start=\"4118\" data-end=\"4158\"><p data-start=\"4120\" data-end=\"4158\">Proceduri judiciare specifice.<\/p><\/li><\/ul><p data-start=\"4160\" data-end=\"4268\">\u00centr-o interven\u021bie standard, analiz\u0103m zeci de aspecte documentare \u00eenainte de a recomanda o strategie.<\/p><\/div><\/div><\/div><\/div><\/div><\/div><\/article><\/div>\t\t\t\t\t\t\t\t<\/div>\n\t\t\t\t<\/div>\n\t\t\t\t<div class=\"elementor-element elementor-element-fa9c3d3 elementor-widget elementor-widget-button\" data-id=\"fa9c3d3\" data-element_type=\"widget\" data-e-type=\"widget\" data-widget_type=\"button.default\">\n\t\t\t\t<div class=\"elementor-widget-container\">\n\t\t\t\t\t\t\t\t\t<div class=\"elementor-button-wrapper\">\n\t\t\t\t\t<a class=\"elementor-button elementor-button-link elementor-size-sm\" href=\"#contact-section\">\n\t\t\t\t\t\t<span class=\"elementor-button-content-wrapper\">\n\t\t\t\t\t\t\t\t\t<span class=\"elementor-button-text\">V\u0102 REZOLVA\u021aI \u00ceNDOIELILE JURIDICE<\/span>\n\t\t\t\t\t<\/span>\n\t\t\t\t\t<\/a>\n\t\t\t\t<\/div>\n\t\t\t\t\t\t\t\t<\/div>\n\t\t\t\t<\/div>\n\t\t\t\t<div class=\"elementor-element elementor-element-293f990 elementor-widget elementor-widget-heading\" data-id=\"293f990\" data-element_type=\"widget\" data-e-type=\"widget\" data-widget_type=\"heading.default\">\n\t\t\t\t<div class=\"elementor-widget-container\">\n\t\t\t\t\t<h2 class=\"elementor-heading-title elementor-size-default\">Concluzie<\/h2>\t\t\t\t<\/div>\n\t\t\t\t<\/div>\n\t\t\t\t<div class=\"elementor-element elementor-element-3bce672 elementor-widget elementor-widget-text-editor\" data-id=\"3bce672\" data-element_type=\"widget\" data-e-type=\"widget\" data-widget_type=\"text-editor.default\">\n\t\t\t\t<div class=\"elementor-widget-container\">\n\t\t\t\t\t\t\t\t\t<p>Convie\u021buirea \u00een cadrul unei comunit\u0103\u021bi necesit\u0103 reguli clare \u0219i decizii bine fundamentate. Atunci c\u00e2nd apar conflicte, este esen\u021bial s\u0103 ac\u021biona\u021bi legal \u0219i \u00een timp util. <\/p><p>La Vaello Legal oferim consultan\u021b\u0103 specializat\u0103 privind asocia\u021biile de proprietari din Barcelona, at\u00e2t pentru comunit\u0103\u021bi, c\u00e2t \u0219i pentru proprietarii individuali.<\/p><p>Dac\u0103 ave\u021bi un conflict de vecin\u0103tate, un litigiu \u00een curs sau ave\u021bi nevoie de consiliere \u00eenainte de o \u00eent\u00e2lnire, vorbi\u021bi cu noi.<br>\u00cen domeniul propriet\u0103\u021bii orizontale, prevenirea este \u00eentotdeauna mai ieftin\u0103 dec\u00e2t litigiul.<\/p>\t\t\t\t\t\t\t\t<\/div>\n\t\t\t\t<\/div>\n\t\t\t\t\t<\/div>\n\t\t\t\t<\/div>\n\t\t\t\t<\/div>\n\t\t","protected":false},"excerpt":{"rendered":"<p>Consultan\u021b\u0103 juridic\u0103 privind condominiile \u0219i litigiile de vecin\u0103tate Speciali\u0219ti \u00een dreptul imobiliar, dreptul propriet\u0103\u021bii orizontale \u0219i solu\u021bionarea conflictelor \u00een cadrul asocia\u021biilor de proprietari de locuin\u021be. V\u0102 REZOLVA\u021aI \u00ceNDOIELILE JURIDICE Rezolv\u0103-\u021bi \u00eendoielile juridice A tr\u0103i \u00eentr-o comunitate de proprietari implic\u0103 mult mai mult dec\u00e2t \u00eemp\u0103r\u021birea cheltuielilor. \u00censeamn\u0103 s\u0103 tr\u0103ie\u0219ti sub un regim juridic specific &#8211; Legea [&hellip;]<\/p>\n","protected":false},"author":2,"featured_media":0,"parent":0,"menu_order":0,"comment_status":"closed","ping_status":"closed","template":"","meta":{"_acf_changed":false,"inline_featured_image":false,"footnotes":""},"tags":[],"class_list":["post-1748","page","type-page","status-publish","hentry"],"acf":[],"yoast_head":"<!-- This site is optimized with the Yoast SEO plugin v27.2 - https:\/\/yoast.com\/product\/yoast-seo-wordpress\/ -->\n<title>\u25b7Comunit\u0103\u021bi de proprietari - \u3010 Vaello Legal \u3011<\/title>\n<meta name=\"description\" content=\"Consultan\u021b\u0103 juridic\u0103 privind condominiile \u0219i litigiile de vecin\u0103tate Speciali\u0219ti \u00een dreptul imobiliar, dreptul propriet\u0103\u021bii orizontale \u0219i solu\u021bionarea \u2713\" \/>\n<meta name=\"robots\" content=\"index, follow, max-snippet:-1, max-image-preview:large, max-video-preview:-1\" \/>\n<link rel=\"canonical\" href=\"https:\/\/vaellolegal.com\/ro\/comunitati-de-proprietari\/\" \/>\n<meta property=\"og:locale\" content=\"ro_RO\" \/>\n<meta property=\"og:type\" content=\"article\" \/>\n<meta property=\"og:title\" content=\"\u25b7Comunit\u0103\u021bi de proprietari - \u3010 Vaello Legal \u3011\" \/>\n<meta property=\"og:description\" content=\"Consultan\u021b\u0103 juridic\u0103 privind condominiile \u0219i litigiile de vecin\u0103tate Speciali\u0219ti \u00een dreptul imobiliar, dreptul propriet\u0103\u021bii orizontale \u0219i solu\u021bionarea \u2713\" \/>\n<meta property=\"og:url\" content=\"https:\/\/vaellolegal.com\/ro\/comunitati-de-proprietari\/\" \/>\n<meta property=\"og:site_name\" content=\"Vaello Legal\" \/>\n<meta property=\"article:modified_time\" content=\"2026-03-13T17:19:42+00:00\" \/>\n<meta name=\"twitter:card\" content=\"summary_large_image\" \/>\n<meta name=\"twitter:label1\" content=\"Timp estimat pentru citire\" \/>\n\t<meta name=\"twitter:data1\" content=\"4 minute\" \/>\n<!-- \/ Yoast SEO plugin. -->","yoast_head_json":{"title":"\u25b7Comunit\u0103\u021bi de proprietari - \u3010 Vaello Legal \u3011","description":"Consultan\u021b\u0103 juridic\u0103 privind condominiile \u0219i litigiile de vecin\u0103tate Speciali\u0219ti \u00een dreptul imobiliar, dreptul propriet\u0103\u021bii orizontale \u0219i solu\u021bionarea \u2713","robots":{"index":"index","follow":"follow","max-snippet":"max-snippet:-1","max-image-preview":"max-image-preview:large","max-video-preview":"max-video-preview:-1"},"canonical":"https:\/\/vaellolegal.com\/ro\/comunitati-de-proprietari\/","og_locale":"ro_RO","og_type":"article","og_title":"\u25b7Comunit\u0103\u021bi de proprietari - \u3010 Vaello Legal \u3011","og_description":"Consultan\u021b\u0103 juridic\u0103 privind condominiile \u0219i litigiile de vecin\u0103tate Speciali\u0219ti \u00een dreptul imobiliar, dreptul propriet\u0103\u021bii orizontale \u0219i solu\u021bionarea \u2713","og_url":"https:\/\/vaellolegal.com\/ro\/comunitati-de-proprietari\/","og_site_name":"Vaello Legal","article_modified_time":"2026-03-13T17:19:42+00:00","twitter_card":"summary_large_image","twitter_misc":{"Timp estimat pentru citire":"4 minute"},"schema":{"@context":"https:\/\/schema.org","@graph":[{"@type":"WebPage","@id":"https:\/\/vaellolegal.com\/ro\/comunitati-de-proprietari\/","url":"https:\/\/vaellolegal.com\/ro\/comunitati-de-proprietari\/","name":"\u25b7Comunit\u0103\u021bi de proprietari - \u3010 Vaello Legal \u3011","isPartOf":{"@id":"https:\/\/vaellolegal.com\/ro\/#website"},"datePublished":"2026-02-16T15:47:54+00:00","dateModified":"2026-03-13T17:19:42+00:00","description":"Consultan\u021b\u0103 juridic\u0103 privind condominiile \u0219i litigiile de vecin\u0103tate Speciali\u0219ti \u00een dreptul imobiliar, dreptul propriet\u0103\u021bii orizontale \u0219i solu\u021bionarea \u2713","breadcrumb":{"@id":"https:\/\/vaellolegal.com\/ro\/comunitati-de-proprietari\/#breadcrumb"},"inLanguage":"ro-RO","potentialAction":[{"@type":"ReadAction","target":["https:\/\/vaellolegal.com\/ro\/comunitati-de-proprietari\/"]}]},{"@type":"BreadcrumbList","@id":"https:\/\/vaellolegal.com\/ro\/comunitati-de-proprietari\/#breadcrumb","itemListElement":[{"@type":"ListItem","position":1,"name":"Portada","item":"https:\/\/vaellolegal.com\/ro\/"},{"@type":"ListItem","position":2,"name":"Comunit\u0103\u021bi de proprietari"}]},{"@type":"WebSite","@id":"https:\/\/vaellolegal.com\/ro\/#website","url":"https:\/\/vaellolegal.com\/ro\/","name":"Vaello Legal","description":"Abogados inmobiliarios en Barcelona","publisher":{"@id":"https:\/\/vaellolegal.com\/ro\/#organization"},"potentialAction":[{"@type":"SearchAction","target":{"@type":"EntryPoint","urlTemplate":"https:\/\/vaellolegal.com\/ro\/?s={search_term_string}"},"query-input":{"@type":"PropertyValueSpecification","valueRequired":true,"valueName":"search_term_string"}}],"inLanguage":"ro-RO"},{"@type":"Organization","@id":"https:\/\/vaellolegal.com\/ro\/#organization","name":"Vaello Legal","url":"https:\/\/vaellolegal.com\/ro\/","logo":{"@type":"ImageObject","inLanguage":"ro-RO","@id":"https:\/\/vaellolegal.com\/ro\/#\/schema\/logo\/image\/","url":"https:\/\/vaellolegal.com\/wp-content\/uploads\/2026\/02\/vaello_logo-title.edited.png","contentUrl":"https:\/\/vaellolegal.com\/wp-content\/uploads\/2026\/02\/vaello_logo-title.edited.png","width":1021,"height":446,"caption":"Vaello Legal"},"image":{"@id":"https:\/\/vaellolegal.com\/ro\/#\/schema\/logo\/image\/"}}]}},"_links":{"self":[{"href":"https:\/\/vaellolegal.com\/ro\/wp-json\/wp\/v2\/pages\/1748","targetHints":{"allow":["GET"]}}],"collection":[{"href":"https:\/\/vaellolegal.com\/ro\/wp-json\/wp\/v2\/pages"}],"about":[{"href":"https:\/\/vaellolegal.com\/ro\/wp-json\/wp\/v2\/types\/page"}],"author":[{"embeddable":true,"href":"https:\/\/vaellolegal.com\/ro\/wp-json\/wp\/v2\/users\/2"}],"replies":[{"embeddable":true,"href":"https:\/\/vaellolegal.com\/ro\/wp-json\/wp\/v2\/comments?post=1748"}],"version-history":[{"count":1,"href":"https:\/\/vaellolegal.com\/ro\/wp-json\/wp\/v2\/pages\/1748\/revisions"}],"predecessor-version":[{"id":1753,"href":"https:\/\/vaellolegal.com\/ro\/wp-json\/wp\/v2\/pages\/1748\/revisions\/1753"}],"wp:attachment":[{"href":"https:\/\/vaellolegal.com\/ro\/wp-json\/wp\/v2\/media?parent=1748"}],"wp:term":[{"taxonomy":"post_tag","embeddable":true,"href":"https:\/\/vaellolegal.com\/ro\/wp-json\/wp\/v2\/tags?post=1748"}],"curies":[{"name":"wp","href":"https:\/\/api.w.org\/{rel}","templated":true}]}}