{"id":1966,"date":"2026-02-16T14:41:10","date_gmt":"2026-02-16T13:41:10","guid":{"rendered":"https:\/\/vaellolegal.com\/lloguers\/"},"modified":"2026-03-13T18:20:13","modified_gmt":"2026-03-13T17:20:13","slug":"lloguers","status":"publish","type":"page","link":"https:\/\/vaellolegal.com\/ca\/lloguers\/","title":{"rendered":"Lloguers"},"content":{"rendered":"\t\t<div data-elementor-type=\"wp-page\" data-elementor-id=\"1966\" class=\"elementor elementor-1966 elementor-1454\" data-elementor-post-type=\"page\">\n\t\t\t\t<div class=\"elementor-element elementor-element-2d0bfaf e-flex e-con-boxed e-con e-parent\" data-id=\"2d0bfaf\" data-element_type=\"container\" data-e-type=\"container\" data-settings=\"{&quot;background_background&quot;:&quot;classic&quot;}\">\n\t\t\t\t\t<div class=\"e-con-inner\">\n\t\t\t\t<div class=\"elementor-element elementor-element-e7532e8 elementor-widget elementor-widget-heading\" data-id=\"e7532e8\" data-element_type=\"widget\" data-e-type=\"widget\" data-widget_type=\"heading.default\">\n\t\t\t\t<div class=\"elementor-widget-container\">\n\t\t\t\t\t<h1 class=\"elementor-heading-title elementor-size-default\">Advocat especialista en lloguers a Barcelona<\/h1>\t\t\t\t<\/div>\n\t\t\t\t<\/div>\n\t\t\t\t<div class=\"elementor-element elementor-element-1a08c69 elementor-widget__width-initial elementor-widget-tablet__width-inherit elementor-widget elementor-widget-heading\" data-id=\"1a08c69\" data-element_type=\"widget\" data-e-type=\"widget\" data-widget_type=\"heading.default\">\n\t\t\t\t<div class=\"elementor-widget-container\">\n\t\t\t\t\t<p class=\"elementor-heading-title elementor-size-default\">Assessorament legal per a propietaris i llogaters<\/p>\t\t\t\t<\/div>\n\t\t\t\t<\/div>\n\t\t\t\t<div class=\"elementor-element elementor-element-42d5cd9 elementor-widget elementor-widget-button\" data-id=\"42d5cd9\" data-element_type=\"widget\" data-e-type=\"widget\" data-widget_type=\"button.default\">\n\t\t\t\t<div class=\"elementor-widget-container\">\n\t\t\t\t\t\t\t\t\t<div class=\"elementor-button-wrapper\">\n\t\t\t\t\t<a class=\"elementor-button elementor-button-link elementor-size-sm\" href=\"#contact-section\">\n\t\t\t\t\t\t<span class=\"elementor-button-content-wrapper\">\n\t\t\t\t\t\t\t\t\t<span class=\"elementor-button-text\">RESOL ELS TEUS DUBTES LEGALS<\/span>\n\t\t\t\t\t<\/span>\n\t\t\t\t\t<\/a>\n\t\t\t\t<\/div>\n\t\t\t\t\t\t\t\t<\/div>\n\t\t\t\t<\/div>\n\t\t\t\t\t<\/div>\n\t\t\t\t<\/div>\n\t\t<div class=\"elementor-element elementor-element-372c02c e-flex e-con-boxed e-con e-parent\" data-id=\"372c02c\" data-element_type=\"container\" data-e-type=\"container\">\n\t\t\t\t\t<div class=\"e-con-inner\">\n\t\t\t\t<div class=\"elementor-element elementor-element-d5d376f elementor-widget elementor-widget-heading\" data-id=\"d5d376f\" data-element_type=\"widget\" data-e-type=\"widget\" data-widget_type=\"heading.default\">\n\t\t\t\t<div class=\"elementor-widget-container\">\n\t\t\t\t\t<h2 class=\"elementor-heading-title elementor-size-default\">Resol els teus dubtes legals<\/h2>\t\t\t\t<\/div>\n\t\t\t\t<\/div>\n\t\t\t\t<div class=\"elementor-element elementor-element-7d3044f elementor-widget elementor-widget-text-editor\" data-id=\"7d3044f\" data-element_type=\"widget\" data-e-type=\"widget\" data-widget_type=\"text-editor.default\">\n\t\t\t\t<div class=\"elementor-widget-container\">\n\t\t\t\t\t\t\t\t\t<p data-start=\"376\" data-end=\"666\">El lloguer de vivendes a Espanya, i especialment a Catalunya, ha esdevingut un dels \u00e0mbits m\u00e9s complexos del dret immobiliari. Control de preus, pr\u00f2rrogues obligat\u00f2ries, l\u00edmits a les pujades de renda, r\u00e8gim sancionador, conflictes per impagament o per cl\u00e0usules abusives\u2026 <\/p><p data-start=\"668\" data-end=\"814\">Tant si ets propietari com llogater, un contracte mal redactat o una decisi\u00f3 mal assessorada pot tenir conseq\u00fc\u00e8ncies econ\u00f2miques importants.<\/p><p data-start=\"816\" data-end=\"985\">A Vaello Legal portem m\u00e9s de 20 anys assessorant en arrendaments urbans a Barcelona, \u200b\u200bajudant a prevenir conflictes i defensant drets quan sorgeixen problemes.<\/p>\t\t\t\t\t\t\t\t<\/div>\n\t\t\t\t<\/div>\n\t\t\t\t\t<\/div>\n\t\t\t\t<\/div>\n\t\t<div class=\"elementor-element elementor-element-93afcb5 e-flex e-con-boxed e-con e-parent\" data-id=\"93afcb5\" data-element_type=\"container\" data-e-type=\"container\">\n\t\t\t\t\t<div class=\"e-con-inner\">\n\t\t\t\t<div class=\"elementor-element elementor-element-6958d76 elementor-widget elementor-widget-heading\" data-id=\"6958d76\" data-element_type=\"widget\" data-e-type=\"widget\" data-widget_type=\"heading.default\">\n\t\t\t\t<div class=\"elementor-widget-container\">\n\t\t\t\t\t<h2 class=\"elementor-heading-title elementor-size-default\">Assessorament a propietaris<\/h2>\t\t\t\t<\/div>\n\t\t\t\t<\/div>\n\t\t\t\t<div class=\"elementor-element elementor-element-f923c1d elementor-widget elementor-widget-heading\" data-id=\"f923c1d\" data-element_type=\"widget\" data-e-type=\"widget\" data-widget_type=\"heading.default\">\n\t\t\t\t<div class=\"elementor-widget-container\">\n\t\t\t\t\t<h3 class=\"elementor-heading-title elementor-size-default\">Llogar continua sent una inversi\u00f3 intel\u00b7ligent. Per\u00f2 exigeix \u200b\u200bfer-ho b\u00e9. <\/h3>\t\t\t\t<\/div>\n\t\t\t\t<\/div>\n\t\t\t\t<div class=\"elementor-element elementor-element-08ac157 elementor-widget elementor-widget-text-editor\" data-id=\"08ac157\" data-element_type=\"widget\" data-e-type=\"widget\" data-widget_type=\"text-editor.default\">\n\t\t\t\t<div class=\"elementor-widget-container\">\n\t\t\t\t\t\t\t\t\t<p data-start=\"1102\" data-end=\"1301\">Tenir un immoble llogat pot generar ingressos recurrents i estabilitat patrimonial. Tot i aix\u00f2, el marc normatiu actual limita de manera significativa la llibertat contractual del propietari. <\/p><p data-start=\"1303\" data-end=\"1538\">El contracte de lloguer \u00e9s un dels contractes m\u00e9s regulats del dret espanyol. No pots pactar el que vulguis, encara que les dues parts hi estiguin d&#8217;acord. Moltes cl\u00e0usules habituals s\u00f3n nul\u00b7les si no s&#8217;ajusten exactament a la llei.  <\/p><p data-start=\"1540\" data-end=\"1767\">A m\u00e9s, a Catalunya el r\u00e8gim sancionador \u00e9s especialment sever. Les multes poden anar des de 3.000\u20ac fins a 900.000\u20ac per incompliments formals relacionats amb el control de preus o la informaci\u00f3 obligat\u00f2ria a l&#8217;inquil\u00ed. <\/p>\t\t\t\t\t\t\t\t<\/div>\n\t\t\t\t<\/div>\n\t\t\t\t<div class=\"elementor-element elementor-element-49adfd7 elementor-widget elementor-widget-button\" data-id=\"49adfd7\" data-element_type=\"widget\" data-e-type=\"widget\" data-widget_type=\"button.default\">\n\t\t\t\t<div class=\"elementor-widget-container\">\n\t\t\t\t\t\t\t\t\t<div class=\"elementor-button-wrapper\">\n\t\t\t\t\t<a class=\"elementor-button elementor-button-link elementor-size-sm\" href=\"#contact-section\">\n\t\t\t\t\t\t<span class=\"elementor-button-content-wrapper\">\n\t\t\t\t\t\t\t\t\t<span class=\"elementor-button-text\">RESOL ELS TEUS DUBTES LEGALS<\/span>\n\t\t\t\t\t<\/span>\n\t\t\t\t\t<\/a>\n\t\t\t\t<\/div>\n\t\t\t\t\t\t\t\t<\/div>\n\t\t\t\t<\/div>\n\t\t\t\t\t<\/div>\n\t\t\t\t<\/div>\n\t\t<div class=\"elementor-element elementor-element-fd5e177 e-flex e-con-boxed e-con e-parent\" data-id=\"fd5e177\" data-element_type=\"container\" data-e-type=\"container\" data-settings=\"{&quot;background_background&quot;:&quot;classic&quot;}\">\n\t\t\t\t\t<div class=\"e-con-inner\">\n\t\t<div class=\"elementor-element elementor-element-446079a e-con-full e-flex e-con e-child\" data-id=\"446079a\" data-element_type=\"container\" data-e-type=\"container\">\n\t\t<div class=\"elementor-element elementor-element-e68664b e-con-full e-flex e-con e-child\" data-id=\"e68664b\" data-element_type=\"container\" data-e-type=\"container\">\n\t\t\t\t<div class=\"elementor-element elementor-element-c146d20 elementor-widget elementor-widget-text-editor\" data-id=\"c146d20\" data-element_type=\"widget\" data-e-type=\"widget\" data-widget_type=\"text-editor.default\">\n\t\t\t\t<div class=\"elementor-widget-container\">\n\t\t\t\t\t\t\t\t\t<p data-start=\"1769\" data-end=\"1810\">Errors freq\u00fcents que veiem cada setmana:<\/p><ul data-start=\"1812\" data-end=\"2058\"><li data-start=\"1812\" data-end=\"1863\"><p data-start=\"1814\" data-end=\"1863\">No aplicar correctament l\u00edndex de refer\u00e8ncia.<\/p><\/li><li data-start=\"1864\" data-end=\"1904\"><p data-start=\"1866\" data-end=\"1904\">Increments de renda mal justificats.<\/p><\/li><li data-start=\"1905\" data-end=\"1964\"><p data-start=\"1907\" data-end=\"1964\">Cl\u00e0usules sobre reparacions o despeses que resulten nul\u00b7les.<\/p><\/li><li data-start=\"1965\" data-end=\"2011\"><p data-start=\"1967\" data-end=\"2011\">Notificacions defectuoses de no-renovaci\u00f3.<\/p><\/li><li data-start=\"2012\" data-end=\"2058\"><p data-start=\"2014\" data-end=\"2058\">Repercussi\u00f3 indeguda de despeses a l&#8217;inquil\u00ed.<\/p><\/li><\/ul>\t\t\t\t\t\t\t\t<\/div>\n\t\t\t\t<\/div>\n\t\t\t\t<\/div>\n\t\t<div class=\"elementor-element elementor-element-dec2ca5 e-con-full e-flex e-con e-child\" data-id=\"dec2ca5\" data-element_type=\"container\" data-e-type=\"container\" data-settings=\"{&quot;background_background&quot;:&quot;classic&quot;}\">\n\t\t\t\t<\/div>\n\t\t\t\t<\/div>\n\t\t<div class=\"elementor-element elementor-element-edf079c e-con-full e-flex e-con e-child\" data-id=\"edf079c\" data-element_type=\"container\" data-e-type=\"container\">\n\t\t<div class=\"elementor-element elementor-element-946d996 e-con-full e-flex e-con e-child\" data-id=\"946d996\" data-element_type=\"container\" data-e-type=\"container\" data-settings=\"{&quot;background_background&quot;:&quot;classic&quot;}\">\n\t\t\t\t<\/div>\n\t\t<div class=\"elementor-element elementor-element-30a143b e-con-full e-flex e-con e-child\" data-id=\"30a143b\" data-element_type=\"container\" data-e-type=\"container\">\n\t\t\t\t<div class=\"elementor-element elementor-element-6198609 elementor-widget elementor-widget-heading\" data-id=\"6198609\" data-element_type=\"widget\" data-e-type=\"widget\" data-widget_type=\"heading.default\">\n\t\t\t\t<div class=\"elementor-widget-container\">\n\t\t\t\t\t<h3 class=\"elementor-heading-title elementor-size-default\">Qu\u00e8 fem per tu com a propietari?<\/h3>\t\t\t\t<\/div>\n\t\t\t\t<\/div>\n\t\t\t\t<div class=\"elementor-element elementor-element-197433b elementor-widget elementor-widget-text-editor\" data-id=\"197433b\" data-element_type=\"widget\" data-e-type=\"widget\" data-widget_type=\"text-editor.default\">\n\t\t\t\t<div class=\"elementor-widget-container\">\n\t\t\t\t\t\t\t\t\t<ul data-start=\"2103\" data-end=\"2520\"><li data-start=\"2103\" data-end=\"2165\"><p data-start=\"2105\" data-end=\"2165\">Redacci\u00f3 i revisi\u00f3 personalitzada del contracte de lloguer.<\/p><\/li><li data-start=\"2166\" data-end=\"2222\"><p data-start=\"2168\" data-end=\"2222\">C\u00e0lcul de la renda m\u00e0xima legal a zones tensionades.<\/p><\/li><li data-start=\"2223\" data-end=\"2275\"><p data-start=\"2225\" data-end=\"2275\">Verificaci\u00f3 de tota la documentaci\u00f3 obligat\u00f2ria.<\/p><\/li><li data-start=\"2276\" data-end=\"2338\"><p data-start=\"2278\" data-end=\"2338\">Assessorament fiscal del lloguer i optimitzaci\u00f3 tribut\u00e0ria.<\/p><\/li><li data-start=\"2339\" data-end=\"2388\"><p data-start=\"2341\" data-end=\"2388\">Gesti\u00f3 d&#8217;impagaments i preparaci\u00f3 de desnonaments.<\/p><\/li><li data-start=\"2389\" data-end=\"2448\"><p data-start=\"2391\" data-end=\"2448\">Defensa davant d&#8217;inspeccions i procediments sancionadors.<\/p><\/li><li data-start=\"2449\" data-end=\"2520\"><p data-start=\"2451\" data-end=\"2520\">Informes jur\u00eddics sobre subarrendaments, ocupaci\u00f3 o lloguer temporal.<\/p><\/li><\/ul><p data-start=\"2522\" data-end=\"2636\">El nostre objectiu \u00e9s protegir la teva rendibilitat i evitar problemes abans que es converteixin en conflictes costosos.<\/p>\t\t\t\t\t\t\t\t<\/div>\n\t\t\t\t<\/div>\n\t\t\t\t<\/div>\n\t\t\t\t<\/div>\n\t\t\t\t\t<\/div>\n\t\t\t\t<\/div>\n\t\t<div class=\"elementor-element elementor-element-49904ef e-flex e-con-boxed e-con e-parent\" data-id=\"49904ef\" data-element_type=\"container\" data-e-type=\"container\">\n\t\t\t\t\t<div class=\"e-con-inner\">\n\t\t\t\t<div class=\"elementor-element elementor-element-aabdf7b elementor-widget elementor-widget-heading\" data-id=\"aabdf7b\" data-element_type=\"widget\" data-e-type=\"widget\" data-widget_type=\"heading.default\">\n\t\t\t\t<div class=\"elementor-widget-container\">\n\t\t\t\t\t<h2 class=\"elementor-heading-title elementor-size-default\">Assessorament a llogaters<\/h2>\t\t\t\t<\/div>\n\t\t\t\t<\/div>\n\t\t\t\t<div class=\"elementor-element elementor-element-6cde91a elementor-widget elementor-widget-heading\" data-id=\"6cde91a\" data-element_type=\"widget\" data-e-type=\"widget\" data-widget_type=\"heading.default\">\n\t\t\t\t<div class=\"elementor-widget-container\">\n\t\t\t\t\t<h3 class=\"elementor-heading-title elementor-size-default\">La llei protegeix l'inquil\u00ed, per\u00f2 has de saber com aplicar-la.<\/h3>\t\t\t\t<\/div>\n\t\t\t\t<\/div>\n\t\t\t\t<div class=\"elementor-element elementor-element-4d19217 elementor-widget elementor-widget-text-editor\" data-id=\"4d19217\" data-element_type=\"widget\" data-e-type=\"widget\" data-widget_type=\"text-editor.default\">\n\t\t\t\t<div class=\"elementor-widget-container\">\n\t\t\t\t\t\t\t\t\t<p data-start=\"2739\" data-end=\"2984\">A Espanya, l&#8217;arrendament d&#8217;habitatge compta amb importants garanties legals per a l&#8217;inquil\u00ed: durada m\u00ednima obligat\u00f2ria, l\u00edmits a les pujades de renda, protecci\u00f3 davant de desallotjaments sense causa i regulaci\u00f3 estricta de fiances i garanties.<\/p><p data-start=\"2986\" data-end=\"3118\">Tot i aix\u00f2, molts contractes inclouen cl\u00e0usules abusives o mal redactades. I si no coneixes els teus drets, \u00e9s f\u00e0cil que els vulnerin. <\/p><p data-start=\"3120\" data-end=\"3143\">Situacions habituals:<\/p><ul data-start=\"3145\" data-end=\"3377\"><li data-start=\"3145\" data-end=\"3203\"><p data-start=\"3147\" data-end=\"3203\">Reparacions que legalment corresponen al propietari.<\/p><\/li><li data-start=\"3204\" data-end=\"3248\"><p data-start=\"3206\" data-end=\"3248\">Fiances o dip\u00f2sits addicionals indeguts.<\/p><\/li><li data-start=\"3249\" data-end=\"3284\"><p data-start=\"3251\" data-end=\"3284\">Ren\u00fancies a drets de pr\u00f2rroga.<\/p><\/li><li data-start=\"3285\" data-end=\"3329\"><p data-start=\"3287\" data-end=\"3329\">Pujades de lloguer no ajustades a la llei.<\/p><\/li><li data-start=\"3330\" data-end=\"3377\"><p data-start=\"3332\" data-end=\"3377\">Amenaces de desallotjament o talls de subministraments.<\/p><\/li><\/ul>\t\t\t\t\t\t\t\t<\/div>\n\t\t\t\t<\/div>\n\t\t\t\t<div class=\"elementor-element elementor-element-8635564 elementor-widget elementor-widget-heading\" data-id=\"8635564\" data-element_type=\"widget\" data-e-type=\"widget\" data-widget_type=\"heading.default\">\n\t\t\t\t<div class=\"elementor-widget-container\">\n\t\t\t\t\t<h2 class=\"elementor-heading-title elementor-size-default\">Com t'ajudem com a llogater?<\/h2>\t\t\t\t<\/div>\n\t\t\t\t<\/div>\n\t\t\t\t<div class=\"elementor-element elementor-element-b652f22 elementor-widget elementor-widget-text-editor\" data-id=\"b652f22\" data-element_type=\"widget\" data-e-type=\"widget\" data-widget_type=\"text-editor.default\">\n\t\t\t\t<div class=\"elementor-widget-container\">\n\t\t\t\t\t\t\t\t\t<ul data-start=\"3418\" data-end=\"3772\"><li data-start=\"3418\" data-end=\"3474\"><p data-start=\"3420\" data-end=\"3474\">Revisi\u00f3 i explicaci\u00f3 del contracte abans de signar-lo.<\/p><\/li><li data-start=\"3475\" data-end=\"3511\"><p data-start=\"3477\" data-end=\"3511\">Negociaci\u00f3 de cl\u00e0usules abusives.<\/p><\/li><li data-start=\"3512\" data-end=\"3576\"><p data-start=\"3514\" data-end=\"3576\">Comprovaci\u00f3 que la renda compleix el control de preus.<\/p><\/li><li data-start=\"3577\" data-end=\"3638\"><p data-start=\"3579\" data-end=\"3638\">Assessorament sobre pr\u00f2rrogues, desistiment i perman\u00e8ncia.<\/p><\/li><li data-start=\"3639\" data-end=\"3677\"><p data-start=\"3641\" data-end=\"3677\">Reclamaci\u00f3 de fiances no tornades.<\/p><\/li><li data-start=\"3678\" data-end=\"3717\"><p data-start=\"3680\" data-end=\"3717\">Defensa davant de desnonaments o conflictes.<\/p><\/li><li data-start=\"3718\" data-end=\"3772\"><p data-start=\"3720\" data-end=\"3772\">Mediaci\u00f3 i representaci\u00f3 judicial si cal.<\/p><\/li><\/ul><p data-start=\"3774\" data-end=\"3861\">Fins i tot si ja has signat o el problema ja ha comen\u00e7at, encara hi ha marge per actuar.<\/p>\t\t\t\t\t\t\t\t<\/div>\n\t\t\t\t<\/div>\n\t\t\t\t<div class=\"elementor-element elementor-element-87e3510 elementor-widget elementor-widget-button\" data-id=\"87e3510\" data-element_type=\"widget\" data-e-type=\"widget\" data-widget_type=\"button.default\">\n\t\t\t\t<div class=\"elementor-widget-container\">\n\t\t\t\t\t\t\t\t\t<div class=\"elementor-button-wrapper\">\n\t\t\t\t\t<a class=\"elementor-button elementor-button-link elementor-size-sm\" href=\"#contact-section\">\n\t\t\t\t\t\t<span class=\"elementor-button-content-wrapper\">\n\t\t\t\t\t\t\t\t\t<span class=\"elementor-button-text\">RESOL ELS TEUS DUBTES LEGALS<\/span>\n\t\t\t\t\t<\/span>\n\t\t\t\t\t<\/a>\n\t\t\t\t<\/div>\n\t\t\t\t\t\t\t\t<\/div>\n\t\t\t\t<\/div>\n\t\t<div class=\"elementor-element elementor-element-9dcd124 e-con-full e-flex e-con e-child\" data-id=\"9dcd124\" data-element_type=\"container\" data-e-type=\"container\" data-settings=\"{&quot;background_background&quot;:&quot;classic&quot;}\">\n\t\t\t\t<\/div>\n\t\t\t\t<div class=\"elementor-element elementor-element-985262c elementor-widget elementor-widget-heading\" data-id=\"985262c\" data-element_type=\"widget\" data-e-type=\"widget\" data-widget_type=\"heading.default\">\n\t\t\t\t<div class=\"elementor-widget-container\">\n\t\t\t\t\t<h2 class=\"elementor-heading-title elementor-size-default\">Seguretat jur\u00eddica per a ambdues parts<\/h2>\t\t\t\t<\/div>\n\t\t\t\t<\/div>\n\t\t\t\t<div class=\"elementor-element elementor-element-5648075 elementor-widget elementor-widget-text-editor\" data-id=\"5648075\" data-element_type=\"widget\" data-e-type=\"widget\" data-widget_type=\"text-editor.default\">\n\t\t\t\t<div class=\"elementor-widget-container\">\n\t\t\t\t\t\t\t\t\t<p data-start=\"3908\" data-end=\"4072\">El lloguer ja no \u00e9s un simple acord privat. \u00c9s un entorn t\u00e8cnic on intervenen normativa estatal, auton\u00f2mica, fiscalitat i obligacions formals estrictes. <\/p><p data-start=\"4074\" data-end=\"4148\">Comptar amb un advocat especialitzat en lloguers a Barcelona us permet:<\/p><ul data-start=\"4150\" data-end=\"4291\"><li data-start=\"4150\" data-end=\"4169\"><p data-start=\"4152\" data-end=\"4169\">Evitar sancions.<\/p><\/li><li data-start=\"4170\" data-end=\"4191\"><p data-start=\"4172\" data-end=\"4191\">Reduir conflictes.<\/p><\/li><li data-start=\"4192\" data-end=\"4216\"><p data-start=\"4194\" data-end=\"4216\">Protegir els teus drets.<\/p><\/li><li data-start=\"4217\" data-end=\"4249\"><p data-start=\"4219\" data-end=\"4249\">Actuar amb seguretat jur\u00eddica.<\/p><\/li><li data-start=\"4250\" data-end=\"4291\"><p data-start=\"4252\" data-end=\"4291\">Prendre decisions amb informaci\u00f3 clara.<\/p><\/li><\/ul><p data-start=\"4293\" data-end=\"4442\">A Vaello Legal oferim tarifes clares i adaptades tant a propietaris com a llogaters, amb modalitats per contracte o assessorament continuat.<\/p>\t\t\t\t\t\t\t\t<\/div>\n\t\t\t\t<\/div>\n\t\t\t\t<div class=\"elementor-element elementor-element-0e5b68f elementor-widget elementor-widget-heading\" data-id=\"0e5b68f\" data-element_type=\"widget\" data-e-type=\"widget\" data-widget_type=\"heading.default\">\n\t\t\t\t<div class=\"elementor-widget-container\">\n\t\t\t\t\t<h2 class=\"elementor-heading-title elementor-size-default\">Conclusi\u00f3<\/h2>\t\t\t\t<\/div>\n\t\t\t\t<\/div>\n\t\t\t\t<div class=\"elementor-element elementor-element-0b94e0b elementor-widget elementor-widget-text-editor\" data-id=\"0b94e0b\" data-element_type=\"widget\" data-e-type=\"widget\" data-widget_type=\"text-editor.default\">\n\t\t\t\t<div class=\"elementor-widget-container\">\n\t\t\t\t\t\t\t\t\t<div class=\"flex flex-col text-sm pb-25\"><article class=\"text-token-text-primary w-full focus:outline-none [--shadow-height:45px] has-data-writing-block:pointer-events-none has-data-writing-block:-mt-(--shadow-height) has-data-writing-block:pt-(--shadow-height) [&amp;:has([data-writing-block])&gt;*]:pointer-events-auto scroll-mt-[calc(var(--header-height)+min(200px,max(70px,20svh)))]\" dir=\"auto\" tabindex=\"-1\" data-turn-id=\"request-69836ad6-b088-8332-b16f-dbe9819726dd-2\" data-testid=\"conversation-turn-75\" data-scroll-anchor=\"true\" data-turn=\"assistant\"><div class=\"text-base my-auto mx-auto pb-10 [--thread-content-margin:--spacing(4)] @w-sm\/main:[--thread-content-margin:--spacing(6)] @w-lg\/main:[--thread-content-margin:--spacing(16)] px-(--thread-content-margin)\"><div class=\"[--thread-content-max-width:40rem] @w-lg\/main:[--thread-content-max-width:48rem] mx-auto max-w-(--thread-content-max-width) flex-1 group\/turn-messages focus-visible:outline-hidden relative flex w-full min-w-0 flex-col agent-turn\" tabindex=\"-1\"><div class=\"flex max-w-full flex-col grow\"><div class=\"min-h-8 text-message relative flex w-full flex-col items-end gap-2 text-start break-words whitespace-normal [.text-message+&amp;]:mt-1\" dir=\"auto\" data-message-author-role=\"assistant\" data-message-id=\"c2d48ecd-0367-4f59-a1f0-92970ae3fd81\" data-message-model-slug=\"gpt-5-2\"><div class=\"flex w-full flex-col gap-1 empty:hidden first:pt-[1px]\"><div class=\"markdown prose dark:prose-invert w-full wrap-break-word light markdown-new-styling\"><p data-start=\"4464\" data-end=\"4612\">L&#8217;entorn legal del lloguer \u00e9s exigent, per\u00f2 amb assessorament adequat continua sent una opci\u00f3 intel\u00b7ligent, tant per invertir-hi com per viure-hi.<\/p><p data-start=\"4614\" data-end=\"4723\">Si llogar\u00e0s, si ja tens un immoble arrendat o si est\u00e0s vivint un conflicte, parla amb nosaltres.<\/p><p data-start=\"4725\" data-end=\"4756\" data-is-last-node=\"\" data-is-only-node=\"\">Ets a temps de fer-ho b\u00e9.<\/p><\/div><\/div><\/div><\/div><\/div><\/div><\/article><\/div>\t\t\t\t\t\t\t\t<\/div>\n\t\t\t\t<\/div>\n\t\t\t\t<div class=\"elementor-element elementor-element-fa9c3d3 elementor-widget elementor-widget-button\" data-id=\"fa9c3d3\" data-element_type=\"widget\" data-e-type=\"widget\" data-widget_type=\"button.default\">\n\t\t\t\t<div class=\"elementor-widget-container\">\n\t\t\t\t\t\t\t\t\t<div class=\"elementor-button-wrapper\">\n\t\t\t\t\t<a class=\"elementor-button elementor-button-link elementor-size-sm\" href=\"#contact-section\">\n\t\t\t\t\t\t<span class=\"elementor-button-content-wrapper\">\n\t\t\t\t\t\t\t\t\t<span class=\"elementor-button-text\">RESOL ELS TEUS DUBTES LEGALS<\/span>\n\t\t\t\t\t<\/span>\n\t\t\t\t\t<\/a>\n\t\t\t\t<\/div>\n\t\t\t\t\t\t\t\t<\/div>\n\t\t\t\t<\/div>\n\t\t\t\t\t<\/div>\n\t\t\t\t<\/div>\n\t\t\t\t<\/div>\n\t\t","protected":false},"excerpt":{"rendered":"<p>Advocat especialista en lloguers a Barcelona Assessorament legal per a propietaris i llogaters RESOL ELS TEUS DUBTES LEGALS Resol els teus dubtes legals El lloguer de vivendes a Espanya, i especialment a Catalunya, ha esdevingut un dels \u00e0mbits m\u00e9s complexos del dret immobiliari. Control de preus, pr\u00f2rrogues obligat\u00f2ries, l\u00edmits a les pujades de renda, r\u00e8gim [&hellip;]<\/p>\n","protected":false},"author":2,"featured_media":0,"parent":0,"menu_order":0,"comment_status":"closed","ping_status":"closed","template":"","meta":{"_acf_changed":false,"inline_featured_image":false,"footnotes":""},"tags":[],"class_list":["post-1966","page","type-page","status-publish","hentry"],"acf":[],"yoast_head":"<!-- This site is optimized with the Yoast SEO plugin v27.2 - https:\/\/yoast.com\/product\/yoast-seo-wordpress\/ -->\n<title>\u25b7Lloguers - \u3010 Vaello Legal \u3011<\/title>\n<meta name=\"description\" content=\"Advocat especialista en lloguers a Barcelona Assessorament legal per a propietaris i llogaters RESOL ELS TEUS DUBTES LEGALS Resol els teus dubtes legals \u2713\" \/>\n<meta name=\"robots\" content=\"index, follow, max-snippet:-1, max-image-preview:large, max-video-preview:-1\" \/>\n<link rel=\"canonical\" href=\"https:\/\/vaellolegal.com\/ca\/lloguers\/\" \/>\n<meta property=\"og:locale\" content=\"ca_ES\" \/>\n<meta property=\"og:type\" content=\"article\" \/>\n<meta property=\"og:title\" content=\"\u25b7Lloguers - \u3010 Vaello Legal \u3011\" \/>\n<meta property=\"og:description\" content=\"Advocat especialista en lloguers a Barcelona Assessorament legal per a propietaris i llogaters RESOL ELS TEUS DUBTES LEGALS Resol els teus dubtes legals \u2713\" \/>\n<meta property=\"og:url\" content=\"https:\/\/vaellolegal.com\/ca\/lloguers\/\" \/>\n<meta property=\"og:site_name\" content=\"Vaello Legal\" \/>\n<meta property=\"article:modified_time\" content=\"2026-03-13T17:20:13+00:00\" \/>\n<meta name=\"twitter:card\" content=\"summary_large_image\" \/>\n<meta name=\"twitter:label1\" content=\"Temps estimat de lectura\" \/>\n\t<meta name=\"twitter:data1\" content=\"3 minuts\" \/>\n<!-- \/ Yoast SEO plugin. -->","yoast_head_json":{"title":"\u25b7Lloguers - \u3010 Vaello Legal \u3011","description":"Advocat especialista en lloguers a Barcelona Assessorament legal per a propietaris i llogaters RESOL ELS TEUS DUBTES LEGALS Resol els teus dubtes legals \u2713","robots":{"index":"index","follow":"follow","max-snippet":"max-snippet:-1","max-image-preview":"max-image-preview:large","max-video-preview":"max-video-preview:-1"},"canonical":"https:\/\/vaellolegal.com\/ca\/lloguers\/","og_locale":"ca_ES","og_type":"article","og_title":"\u25b7Lloguers - \u3010 Vaello Legal \u3011","og_description":"Advocat especialista en lloguers a Barcelona Assessorament legal per a propietaris i llogaters RESOL ELS TEUS DUBTES LEGALS Resol els teus dubtes legals \u2713","og_url":"https:\/\/vaellolegal.com\/ca\/lloguers\/","og_site_name":"Vaello Legal","article_modified_time":"2026-03-13T17:20:13+00:00","twitter_card":"summary_large_image","twitter_misc":{"Temps estimat de lectura":"3 minuts"},"schema":{"@context":"https:\/\/schema.org","@graph":[{"@type":"WebPage","@id":"https:\/\/vaellolegal.com\/ca\/lloguers\/","url":"https:\/\/vaellolegal.com\/ca\/lloguers\/","name":"\u25b7Lloguers - \u3010 Vaello Legal \u3011","isPartOf":{"@id":"https:\/\/vaellolegal.com\/ca\/#website"},"datePublished":"2026-02-16T13:41:10+00:00","dateModified":"2026-03-13T17:20:13+00:00","description":"Advocat especialista en lloguers a Barcelona Assessorament legal per a propietaris i llogaters RESOL ELS TEUS DUBTES LEGALS Resol els teus dubtes legals \u2713","breadcrumb":{"@id":"https:\/\/vaellolegal.com\/ca\/lloguers\/#breadcrumb"},"inLanguage":"ca","potentialAction":[{"@type":"ReadAction","target":["https:\/\/vaellolegal.com\/ca\/lloguers\/"]}]},{"@type":"BreadcrumbList","@id":"https:\/\/vaellolegal.com\/ca\/lloguers\/#breadcrumb","itemListElement":[{"@type":"ListItem","position":1,"name":"Portada","item":"https:\/\/vaellolegal.com\/ca\/"},{"@type":"ListItem","position":2,"name":"Lloguers"}]},{"@type":"WebSite","@id":"https:\/\/vaellolegal.com\/ca\/#website","url":"https:\/\/vaellolegal.com\/ca\/","name":"Vaello Legal","description":"Abogados inmobiliarios en Barcelona","publisher":{"@id":"https:\/\/vaellolegal.com\/ca\/#organization"},"potentialAction":[{"@type":"SearchAction","target":{"@type":"EntryPoint","urlTemplate":"https:\/\/vaellolegal.com\/ca\/?s={search_term_string}"},"query-input":{"@type":"PropertyValueSpecification","valueRequired":true,"valueName":"search_term_string"}}],"inLanguage":"ca"},{"@type":"Organization","@id":"https:\/\/vaellolegal.com\/ca\/#organization","name":"Vaello Legal","url":"https:\/\/vaellolegal.com\/ca\/","logo":{"@type":"ImageObject","inLanguage":"ca","@id":"https:\/\/vaellolegal.com\/ca\/#\/schema\/logo\/image\/","url":"https:\/\/vaellolegal.com\/wp-content\/uploads\/2026\/02\/vaello_logo-title.edited.png","contentUrl":"https:\/\/vaellolegal.com\/wp-content\/uploads\/2026\/02\/vaello_logo-title.edited.png","width":1021,"height":446,"caption":"Vaello Legal"},"image":{"@id":"https:\/\/vaellolegal.com\/ca\/#\/schema\/logo\/image\/"}}]}},"_links":{"self":[{"href":"https:\/\/vaellolegal.com\/ca\/wp-json\/wp\/v2\/pages\/1966","targetHints":{"allow":["GET"]}}],"collection":[{"href":"https:\/\/vaellolegal.com\/ca\/wp-json\/wp\/v2\/pages"}],"about":[{"href":"https:\/\/vaellolegal.com\/ca\/wp-json\/wp\/v2\/types\/page"}],"author":[{"embeddable":true,"href":"https:\/\/vaellolegal.com\/ca\/wp-json\/wp\/v2\/users\/2"}],"replies":[{"embeddable":true,"href":"https:\/\/vaellolegal.com\/ca\/wp-json\/wp\/v2\/comments?post=1966"}],"version-history":[{"count":1,"href":"https:\/\/vaellolegal.com\/ca\/wp-json\/wp\/v2\/pages\/1966\/revisions"}],"predecessor-version":[{"id":1968,"href":"https:\/\/vaellolegal.com\/ca\/wp-json\/wp\/v2\/pages\/1966\/revisions\/1968"}],"wp:attachment":[{"href":"https:\/\/vaellolegal.com\/ca\/wp-json\/wp\/v2\/media?parent=1966"}],"wp:term":[{"taxonomy":"post_tag","embeddable":true,"href":"https:\/\/vaellolegal.com\/ca\/wp-json\/wp\/v2\/tags?post=1966"}],"curies":[{"name":"wp","href":"https:\/\/api.w.org\/{rel}","templated":true}]}}