{"id":1742,"date":"2026-02-16T16:47:54","date_gmt":"2026-02-16T15:47:54","guid":{"rendered":"https:\/\/vaellolegal.com\/comunitats-de-propietaris\/"},"modified":"2026-03-13T18:19:41","modified_gmt":"2026-03-13T17:19:41","slug":"comunitats-de-propietaris","status":"publish","type":"page","link":"https:\/\/vaellolegal.com\/ca\/comunitats-de-propietaris\/","title":{"rendered":"Comunitats de propietaris"},"content":{"rendered":"\t\t<div data-elementor-type=\"wp-page\" data-elementor-id=\"1742\" class=\"elementor elementor-1742 elementor-1477\" data-elementor-post-type=\"page\">\n\t\t\t\t<div class=\"elementor-element elementor-element-2d0bfaf e-flex e-con-boxed e-con e-parent\" data-id=\"2d0bfaf\" data-element_type=\"container\" data-e-type=\"container\" data-settings=\"{&quot;background_background&quot;:&quot;classic&quot;}\">\n\t\t\t\t\t<div class=\"e-con-inner\">\n\t\t\t\t<div class=\"elementor-element elementor-element-e7532e8 elementor-widget elementor-widget-heading\" data-id=\"e7532e8\" data-element_type=\"widget\" data-e-type=\"widget\" data-widget_type=\"heading.default\">\n\t\t\t\t<div class=\"elementor-widget-container\">\n\t\t\t\t\t<h1 class=\"elementor-heading-title elementor-size-default\">Assessorament legal en propietat horitzontal i conflictes ve\u00efnals<\/h1>\t\t\t\t<\/div>\n\t\t\t\t<\/div>\n\t\t\t\t<div class=\"elementor-element elementor-element-1a08c69 elementor-widget__width-initial elementor-widget-tablet__width-inherit elementor-widget elementor-widget-heading\" data-id=\"1a08c69\" data-element_type=\"widget\" data-e-type=\"widget\" data-widget_type=\"heading.default\">\n\t\t\t\t<div class=\"elementor-widget-container\">\n\t\t\t\t\t<p class=\"elementor-heading-title elementor-size-default\">Especialistes en dret immobiliari, propietat horitzontal i resoluci\u00f3 de conflictes a comunitats de propietaris.<\/p>\t\t\t\t<\/div>\n\t\t\t\t<\/div>\n\t\t\t\t<div class=\"elementor-element elementor-element-42d5cd9 elementor-widget elementor-widget-button\" data-id=\"42d5cd9\" data-element_type=\"widget\" data-e-type=\"widget\" data-widget_type=\"button.default\">\n\t\t\t\t<div class=\"elementor-widget-container\">\n\t\t\t\t\t\t\t\t\t<div class=\"elementor-button-wrapper\">\n\t\t\t\t\t<a class=\"elementor-button elementor-button-link elementor-size-sm\" href=\"#contact-section\">\n\t\t\t\t\t\t<span class=\"elementor-button-content-wrapper\">\n\t\t\t\t\t\t\t\t\t<span class=\"elementor-button-text\">RESOL ELS TEUS DUBTES LEGALS<\/span>\n\t\t\t\t\t<\/span>\n\t\t\t\t\t<\/a>\n\t\t\t\t<\/div>\n\t\t\t\t\t\t\t\t<\/div>\n\t\t\t\t<\/div>\n\t\t\t\t\t<\/div>\n\t\t\t\t<\/div>\n\t\t<div class=\"elementor-element elementor-element-372c02c e-flex e-con-boxed e-con e-parent\" data-id=\"372c02c\" data-element_type=\"container\" data-e-type=\"container\">\n\t\t\t\t\t<div class=\"e-con-inner\">\n\t\t\t\t<div class=\"elementor-element elementor-element-d5d376f elementor-widget elementor-widget-heading\" data-id=\"d5d376f\" data-element_type=\"widget\" data-e-type=\"widget\" data-widget_type=\"heading.default\">\n\t\t\t\t<div class=\"elementor-widget-container\">\n\t\t\t\t\t<h2 class=\"elementor-heading-title elementor-size-default\">Resol els teus dubtes legals<\/h2>\t\t\t\t<\/div>\n\t\t\t\t<\/div>\n\t\t\t\t<div class=\"elementor-element elementor-element-7d3044f elementor-widget elementor-widget-text-editor\" data-id=\"7d3044f\" data-element_type=\"widget\" data-e-type=\"widget\" data-widget_type=\"text-editor.default\">\n\t\t\t\t<div class=\"elementor-widget-container\">\n\t\t\t\t\t\t\t\t\t<p data-start=\"533\" data-end=\"811\">Viure en una comunitat de propietaris implica molt m\u00e9s que compartir despeses. Suposa conviure sota un r\u00e8gim jur\u00eddic espec\u00edfic \u2014la Llei de propietat horitzontal i la normativa auton\u00f2mica catalana\u2014 que regula drets, obligacions, majories, obres, quotes i responsabilitats. <\/p><p data-start=\"813\" data-end=\"882\">Quan sorgeixen conflictes, la improvisaci\u00f3 sol agreujar el problema.<\/p><p data-start=\"884\" data-end=\"1064\">A Vaello Legal fa m\u00e9s de 20 anys que assessorem comunitats de propietaris, presidents, administradors i ve\u00efns a Barcelona, \u200b\u200btant en prevenci\u00f3 com en defensa judicial.<\/p>\t\t\t\t\t\t\t\t<\/div>\n\t\t\t\t<\/div>\n\t\t\t\t\t<\/div>\n\t\t\t\t<\/div>\n\t\t<div class=\"elementor-element elementor-element-93afcb5 e-flex e-con-boxed e-con e-parent\" data-id=\"93afcb5\" data-element_type=\"container\" data-e-type=\"container\">\n\t\t\t\t\t<div class=\"e-con-inner\">\n\t\t\t\t<div class=\"elementor-element elementor-element-6958d76 elementor-widget elementor-widget-heading\" data-id=\"6958d76\" data-element_type=\"widget\" data-e-type=\"widget\" data-widget_type=\"heading.default\">\n\t\t\t\t<div class=\"elementor-widget-container\">\n\t\t\t\t\t<h2 class=\"elementor-heading-title elementor-size-default\">Assessorament a comunitats i presidents<\/h2>\t\t\t\t<\/div>\n\t\t\t\t<\/div>\n\t\t\t\t<div class=\"elementor-element elementor-element-f923c1d elementor-widget elementor-widget-heading\" data-id=\"f923c1d\" data-element_type=\"widget\" data-e-type=\"widget\" data-widget_type=\"heading.default\">\n\t\t\t\t<div class=\"elementor-widget-container\">\n\t\t\t\t\t<h3 class=\"elementor-heading-title elementor-size-default\">Gestionar una comunitat exigeix \u200b\u200brigor jur\u00eddic.<\/h3>\t\t\t\t<\/div>\n\t\t\t\t<\/div>\n\t\t\t\t<div class=\"elementor-element elementor-element-08ac157 elementor-widget elementor-widget-text-editor\" data-id=\"08ac157\" data-element_type=\"widget\" data-e-type=\"widget\" data-widget_type=\"text-editor.default\">\n\t\t\t\t<div class=\"elementor-widget-container\">\n\t\t\t\t\t\t\t\t\t<p data-start=\"1166\" data-end=\"1314\">El president i la comunitat poden assumir responsabilitats civils si els acords no s&#8217;adopten correctament o si no s&#8217;actuen d&#8217;acord amb la llei.<\/p><p data-start=\"1316\" data-end=\"1357\">Errors freq\u00fcents que veiem cada setmana:<\/p><ul data-start=\"1359\" data-end=\"1627\"><li data-start=\"1359\" data-end=\"1409\"><p data-start=\"1361\" data-end=\"1409\">Acords aprovats sense la majoria legal exigida.<\/p><\/li><li data-start=\"1410\" data-end=\"1436\"><p data-start=\"1412\" data-end=\"1436\">Vessades mal plantejades.<\/p><\/li><li data-start=\"1437\" data-end=\"1487\"><p data-start=\"1439\" data-end=\"1487\">Obres aprovades sense complir requisits formals.<\/p><\/li><li data-start=\"1488\" data-end=\"1519\"><p data-start=\"1490\" data-end=\"1519\">Repartiment incorrecte de despeses.<\/p><\/li><li data-start=\"1520\" data-end=\"1566\"><p data-start=\"1522\" data-end=\"1566\">Estatuts contradictoris o desactualitzats.<\/p><\/li><li data-start=\"1567\" data-end=\"1627\"><p data-start=\"1569\" data-end=\"1627\">Impugnacions d&#8217;acords per defectes a la convocat\u00f2ria.<\/p><\/li><\/ul><p data-start=\"1629\" data-end=\"1713\">Una junta mal convocada o una acta mal redactada pot anul\u00b7lar decisions importants.<\/p>\t\t\t\t\t\t\t\t<\/div>\n\t\t\t\t<\/div>\n\t\t\t\t<div class=\"elementor-element elementor-element-49adfd7 elementor-widget elementor-widget-button\" data-id=\"49adfd7\" data-element_type=\"widget\" data-e-type=\"widget\" data-widget_type=\"button.default\">\n\t\t\t\t<div class=\"elementor-widget-container\">\n\t\t\t\t\t\t\t\t\t<div class=\"elementor-button-wrapper\">\n\t\t\t\t\t<a class=\"elementor-button elementor-button-link elementor-size-sm\" href=\"#contact-section\">\n\t\t\t\t\t\t<span class=\"elementor-button-content-wrapper\">\n\t\t\t\t\t\t\t\t\t<span class=\"elementor-button-text\">RESOL ELS TEUS DUBTES LEGALS<\/span>\n\t\t\t\t\t<\/span>\n\t\t\t\t\t<\/a>\n\t\t\t\t<\/div>\n\t\t\t\t\t\t\t\t<\/div>\n\t\t\t\t<\/div>\n\t\t\t\t\t<\/div>\n\t\t\t\t<\/div>\n\t\t<div class=\"elementor-element elementor-element-fd5e177 e-flex e-con-boxed e-con e-parent\" data-id=\"fd5e177\" data-element_type=\"container\" data-e-type=\"container\" data-settings=\"{&quot;background_background&quot;:&quot;classic&quot;}\">\n\t\t\t\t\t<div class=\"e-con-inner\">\n\t\t<div class=\"elementor-element elementor-element-446079a e-con-full e-flex e-con e-child\" data-id=\"446079a\" data-element_type=\"container\" data-e-type=\"container\">\n\t\t<div class=\"elementor-element elementor-element-e68664b e-con-full e-flex e-con e-child\" data-id=\"e68664b\" data-element_type=\"container\" data-e-type=\"container\">\n\t\t\t\t<div class=\"elementor-element elementor-element-6198609 elementor-widget elementor-widget-heading\" data-id=\"6198609\" data-element_type=\"widget\" data-e-type=\"widget\" data-widget_type=\"heading.default\">\n\t\t\t\t<div class=\"elementor-widget-container\">\n\t\t\t\t\t<h3 class=\"elementor-heading-title elementor-size-default\">Qu\u00e8 fem per la comunitat?<\/h3>\t\t\t\t<\/div>\n\t\t\t\t<\/div>\n\t\t\t\t<div class=\"elementor-element elementor-element-c146d20 elementor-widget elementor-widget-text-editor\" data-id=\"c146d20\" data-element_type=\"widget\" data-e-type=\"widget\" data-widget_type=\"text-editor.default\">\n\t\t\t\t<div class=\"elementor-widget-container\">\n\t\t\t\t\t\t\t\t\t<ul data-start=\"1751\" data-end=\"2169\"><li data-start=\"1751\" data-end=\"1799\"><p data-start=\"1753\" data-end=\"1799\">Assessorament previ a juntes de propietaris.<\/p><\/li><li data-start=\"1800\" data-end=\"1844\"><p data-start=\"1802\" data-end=\"1844\">Revisi\u00f3 de convocat\u00f2ries i ordre del dia.<\/p><\/li><li data-start=\"1845\" data-end=\"1877\"><p data-start=\"1847\" data-end=\"1877\">Redacci\u00f3 o revisi\u00f3 dactes.<\/p><\/li><li data-start=\"1878\" data-end=\"1930\"><p data-start=\"1880\" data-end=\"1930\">An\u00e0lisi de majories necess\u00e0ries per a cada acord.<\/p><\/li><li data-start=\"1931\" data-end=\"1978\"><p data-start=\"1933\" data-end=\"1978\">Impugnaci\u00f3 o defensa davant d&#8217;impugnacions.<\/p><\/li><\/ul>\t\t\t\t\t\t\t\t<\/div>\n\t\t\t\t<\/div>\n\t\t\t\t<\/div>\n\t\t<div class=\"elementor-element elementor-element-dec2ca5 e-con-full e-flex e-con e-child\" data-id=\"dec2ca5\" data-element_type=\"container\" data-e-type=\"container\" data-settings=\"{&quot;background_background&quot;:&quot;classic&quot;}\">\n\t\t\t\t<\/div>\n\t\t\t\t<\/div>\n\t\t<div class=\"elementor-element elementor-element-edf079c e-con-full e-flex e-con e-child\" data-id=\"edf079c\" data-element_type=\"container\" data-e-type=\"container\">\n\t\t<div class=\"elementor-element elementor-element-946d996 e-con-full e-flex e-con e-child\" data-id=\"946d996\" data-element_type=\"container\" data-e-type=\"container\" data-settings=\"{&quot;background_background&quot;:&quot;classic&quot;}\">\n\t\t\t\t<\/div>\n\t\t<div class=\"elementor-element elementor-element-30a143b e-con-full e-flex e-con e-child\" data-id=\"30a143b\" data-element_type=\"container\" data-e-type=\"container\">\n\t\t\t\t<div class=\"elementor-element elementor-element-197433b elementor-widget elementor-widget-text-editor\" data-id=\"197433b\" data-element_type=\"widget\" data-e-type=\"widget\" data-widget_type=\"text-editor.default\">\n\t\t\t\t<div class=\"elementor-widget-container\">\n\t\t\t\t\t\t\t\t\t<ul data-start=\"1751\" data-end=\"2169\"><li data-start=\"1979\" data-end=\"2022\"><p data-start=\"1981\" data-end=\"2022\">Reclamaci\u00f3 judicial de quotes impagades.<\/p><\/li><li data-start=\"2023\" data-end=\"2074\"><p data-start=\"2025\" data-end=\"2074\">Assessorament en obres, derrames i accessibilitat.<\/p><\/li><li data-start=\"2075\" data-end=\"2119\"><p data-start=\"2077\" data-end=\"2119\">Actualitzaci\u00f3 o modificaci\u00f3 destatuts.<\/p><\/li><li data-start=\"2120\" data-end=\"2169\"><p data-start=\"2122\" data-end=\"2169\">Defensa davant de reclamacions de propietaris.<\/p><\/li><\/ul><p data-start=\"2171\" data-end=\"2272\">El nostre objectiu \u00e9s blindar jur\u00eddicament les decisions comunit\u00e0ries i evitar litigis innecessaris.<\/p>\t\t\t\t\t\t\t\t<\/div>\n\t\t\t\t<\/div>\n\t\t\t\t<\/div>\n\t\t\t\t<\/div>\n\t\t\t\t\t<\/div>\n\t\t\t\t<\/div>\n\t\t<div class=\"elementor-element elementor-element-49904ef e-flex e-con-boxed e-con e-parent\" data-id=\"49904ef\" data-element_type=\"container\" data-e-type=\"container\">\n\t\t\t\t\t<div class=\"e-con-inner\">\n\t\t\t\t<div class=\"elementor-element elementor-element-aabdf7b elementor-widget elementor-widget-heading\" data-id=\"aabdf7b\" data-element_type=\"widget\" data-e-type=\"widget\" data-widget_type=\"heading.default\">\n\t\t\t\t<div class=\"elementor-widget-container\">\n\t\t\t\t\t<h2 class=\"elementor-heading-title elementor-size-default\">Defensa de propietaris individuals<\/h2>\t\t\t\t<\/div>\n\t\t\t\t<\/div>\n\t\t\t\t<div class=\"elementor-element elementor-element-d7617cd elementor-widget elementor-widget-heading\" data-id=\"d7617cd\" data-element_type=\"widget\" data-e-type=\"widget\" data-widget_type=\"heading.default\">\n\t\t\t\t<div class=\"elementor-widget-container\">\n\t\t\t\t\t<h3 class=\"elementor-heading-title elementor-size-default\">Tamb\u00e9 protegim els teus drets davant de la comunitat.<\/h3>\t\t\t\t<\/div>\n\t\t\t\t<\/div>\n\t\t\t\t<div class=\"elementor-element elementor-element-4d19217 elementor-widget elementor-widget-text-editor\" data-id=\"4d19217\" data-element_type=\"widget\" data-e-type=\"widget\" data-widget_type=\"text-editor.default\">\n\t\t\t\t<div class=\"elementor-widget-container\">\n\t\t\t\t\t\t\t\t\t<p data-start=\"2378\" data-end=\"2514\">No sempre la comunitat actua correctament. Podeu imposar despeses indegudes, aprovar acords il\u00b7legals o vulnerar drets individuals. <\/p><p data-start=\"2516\" data-end=\"2539\">Situacions habituals:<\/p><ul data-start=\"2541\" data-end=\"2826\"><li data-start=\"2541\" data-end=\"2586\"><p data-start=\"2543\" data-end=\"2586\">Vessades desproporcionades o mal aprovades.<\/p><\/li><li data-start=\"2587\" data-end=\"2630\"><p data-start=\"2589\" data-end=\"2630\">Obres que afecten elements privatius.<\/p><\/li><li data-start=\"2631\" data-end=\"2668\"><p data-start=\"2633\" data-end=\"2668\">Prohibicions sense base estatut\u00e0ria.<\/p><\/li><li data-start=\"2669\" data-end=\"2731\"><p data-start=\"2671\" data-end=\"2731\">Instal\u00b7lacions comunit\u00e0ries imposades sense majoria suficient.<\/p><\/li><li data-start=\"2732\" data-end=\"2770\"><p data-start=\"2734\" data-end=\"2770\">Conflictes per \u00fas de zones comunes.<\/p><\/li><li data-start=\"2771\" data-end=\"2826\"><p data-start=\"2773\" data-end=\"2826\">Negativa injustificada a autoritzar obres a habitatge.<\/p><\/li><\/ul><p data-start=\"2828\" data-end=\"2930\">Si un acord \u00e9s contrari a la llei o als estatuts, es pot impugnar judicialment dins de termini.<\/p>\t\t\t\t\t\t\t\t<\/div>\n\t\t\t\t<\/div>\n\t\t\t\t<div class=\"elementor-element elementor-element-15f5a87 elementor-widget elementor-widget-heading\" data-id=\"15f5a87\" data-element_type=\"widget\" data-e-type=\"widget\" data-widget_type=\"heading.default\">\n\t\t\t\t<div class=\"elementor-widget-container\">\n\t\t\t\t\t<h3 class=\"elementor-heading-title elementor-size-default\">Com et podem ajudar?<\/h3>\t\t\t\t<\/div>\n\t\t\t\t<\/div>\n\t\t\t\t<div class=\"elementor-element elementor-element-b652f22 elementor-widget elementor-widget-text-editor\" data-id=\"b652f22\" data-element_type=\"widget\" data-e-type=\"widget\" data-widget_type=\"text-editor.default\">\n\t\t\t\t<div class=\"elementor-widget-container\">\n\t\t\t\t\t\t\t\t\t<ul data-start=\"2961\" data-end=\"3279\"><li data-start=\"2961\" data-end=\"3007\"><p data-start=\"2963\" data-end=\"3007\">Revisi\u00f3 de legalitat dacords adoptats.<\/p><\/li><li data-start=\"3008\" data-end=\"3056\"><p data-start=\"3010\" data-end=\"3056\">Impugnaci\u00f3 judicial dacords comunitaris.<\/p><\/li><li data-start=\"3057\" data-end=\"3106\"><p data-start=\"3059\" data-end=\"3106\">Defensa davant de reclamacions de la comunitat.<\/p><\/li><li data-start=\"3107\" data-end=\"3171\"><p data-start=\"3109\" data-end=\"3171\">Assessorament en conflictes per sorolls o activitats molestes.<\/p><\/li><li data-start=\"3172\" data-end=\"3214\"><p data-start=\"3174\" data-end=\"3214\">Defensa en procediments per morositat.<\/p><\/li><li data-start=\"3215\" data-end=\"3279\"><p data-start=\"3217\" data-end=\"3279\">Mediaci\u00f3 ve\u00efnal quan \u00e9s viable una soluci\u00f3 extrajudicial.<\/p><\/li><\/ul><p data-start=\"3281\" data-end=\"3370\">Actuar dins de termini \u00e9s fonamental: molts acords nom\u00e9s es poden impugnar en 3 mesos.<\/p>\t\t\t\t\t\t\t\t<\/div>\n\t\t\t\t<\/div>\n\t\t\t\t<div class=\"elementor-element elementor-element-87e3510 elementor-widget elementor-widget-button\" data-id=\"87e3510\" data-element_type=\"widget\" data-e-type=\"widget\" data-widget_type=\"button.default\">\n\t\t\t\t<div class=\"elementor-widget-container\">\n\t\t\t\t\t\t\t\t\t<div class=\"elementor-button-wrapper\">\n\t\t\t\t\t<a class=\"elementor-button elementor-button-link elementor-size-sm\" href=\"#contact-section\">\n\t\t\t\t\t\t<span class=\"elementor-button-content-wrapper\">\n\t\t\t\t\t\t\t\t\t<span class=\"elementor-button-text\">RESOL ELS TEUS DUBTES LEGALS<\/span>\n\t\t\t\t\t<\/span>\n\t\t\t\t\t<\/a>\n\t\t\t\t<\/div>\n\t\t\t\t\t\t\t\t<\/div>\n\t\t\t\t<\/div>\n\t\t<div class=\"elementor-element elementor-element-9dcd124 e-con-full e-flex e-con e-child\" data-id=\"9dcd124\" data-element_type=\"container\" data-e-type=\"container\" data-settings=\"{&quot;background_background&quot;:&quot;classic&quot;}\">\n\t\t\t\t<\/div>\n\t\t\t\t<div class=\"elementor-element elementor-element-58ef1d9 elementor-widget elementor-widget-heading\" data-id=\"58ef1d9\" data-element_type=\"widget\" data-e-type=\"widget\" data-widget_type=\"heading.default\">\n\t\t\t\t<div class=\"elementor-widget-container\">\n\t\t\t\t\t<h2 class=\"elementor-heading-title elementor-size-default\">Conflictes freq\u00fcents a comunitats de propietaris<\/h2>\t\t\t\t<\/div>\n\t\t\t\t<\/div>\n\t\t\t\t<div class=\"elementor-element elementor-element-5648075 elementor-widget elementor-widget-text-editor\" data-id=\"5648075\" data-element_type=\"widget\" data-e-type=\"widget\" data-widget_type=\"text-editor.default\">\n\t\t\t\t<div class=\"elementor-widget-container\">\n\t\t\t\t\t\t\t\t\t<p data-start=\"3433\" data-end=\"3475\">A Barcelona s\u00f3n especialment habituals:<\/p><ul data-start=\"3477\" data-end=\"3769\"><li data-start=\"3477\" data-end=\"3513\"><p data-start=\"3479\" data-end=\"3513\">Morositat i reclamaci\u00f3 de quotes.<\/p><\/li><li data-start=\"3514\" data-end=\"3584\"><p data-start=\"3516\" data-end=\"3584\">Instal\u00b7laci\u00f3 d&#8217;ascensors i eliminaci\u00f3 de barreres arquitect\u00f2niques.<\/p><\/li><li data-start=\"3585\" data-end=\"3634\"><p data-start=\"3587\" data-end=\"3634\">Lloguer tur\u00edstic i limitacions estatut\u00e0ries.<\/p><\/li><li data-start=\"3635\" data-end=\"3681\"><p data-start=\"3637\" data-end=\"3681\">Obres a fa\u00e7anes i elements estructurals.<\/p><\/li><li data-start=\"3682\" data-end=\"3719\"><p data-start=\"3684\" data-end=\"3719\">\u00das privatiu de terrasses i patis.<\/p><\/li><li data-start=\"3720\" data-end=\"3769\"><p data-start=\"3722\" data-end=\"3769\">Responsabilitat per danys en elements comuns.<\/p><\/li><\/ul><p data-start=\"3771\" data-end=\"3840\">Cadascun d&#8217;aquests conflictes exigeix \u200b\u200buna an\u00e0lisi t\u00e8cnica i estrat\u00e8gica.<\/p>\t\t\t\t\t\t\t\t<\/div>\n\t\t\t\t<\/div>\n\t\t\t\t<div class=\"elementor-element elementor-element-0e5b68f elementor-widget elementor-widget-heading\" data-id=\"0e5b68f\" data-element_type=\"widget\" data-e-type=\"widget\" data-widget_type=\"heading.default\">\n\t\t\t\t<div class=\"elementor-widget-container\">\n\t\t\t\t\t<h2 class=\"elementor-heading-title elementor-size-default\">M\u00e9s que un problema ve\u00efnal: una q\u00fcesti\u00f3 jur\u00eddica<\/h2>\t\t\t\t<\/div>\n\t\t\t\t<\/div>\n\t\t\t\t<div class=\"elementor-element elementor-element-0b94e0b elementor-widget elementor-widget-text-editor\" data-id=\"0b94e0b\" data-element_type=\"widget\" data-e-type=\"widget\" data-widget_type=\"text-editor.default\">\n\t\t\t\t<div class=\"elementor-widget-container\">\n\t\t\t\t\t\t\t\t\t<div class=\"flex flex-col text-sm pb-25\"><article class=\"text-token-text-primary w-full focus:outline-none [--shadow-height:45px] has-data-writing-block:pointer-events-none has-data-writing-block:-mt-(--shadow-height) has-data-writing-block:pt-(--shadow-height) [&amp;:has([data-writing-block])&gt;*]:pointer-events-auto scroll-mt-[calc(var(--header-height)+min(200px,max(70px,20svh)))]\" dir=\"auto\" tabindex=\"-1\" data-turn-id=\"request-69836ad6-b088-8332-b16f-dbe9819726dd-2\" data-testid=\"conversation-turn-75\" data-scroll-anchor=\"true\" data-turn=\"assistant\"><div class=\"text-base my-auto mx-auto pb-10 [--thread-content-margin:--spacing(4)] @w-sm\/main:[--thread-content-margin:--spacing(6)] @w-lg\/main:[--thread-content-margin:--spacing(16)] px-(--thread-content-margin)\"><div class=\"[--thread-content-max-width:40rem] @w-lg\/main:[--thread-content-max-width:48rem] mx-auto max-w-(--thread-content-max-width) flex-1 group\/turn-messages focus-visible:outline-hidden relative flex w-full min-w-0 flex-col agent-turn\" tabindex=\"-1\"><div class=\"flex max-w-full flex-col grow\"><div class=\"min-h-8 text-message relative flex w-full flex-col items-end gap-2 text-start break-words whitespace-normal [.text-message+&amp;]:mt-1\" dir=\"auto\" data-message-author-role=\"assistant\" data-message-id=\"c2d48ecd-0367-4f59-a1f0-92970ae3fd81\" data-message-model-slug=\"gpt-5-2\"><div class=\"flex w-full flex-col gap-1 empty:hidden first:pt-[1px]\"><div class=\"markdown prose dark:prose-invert w-full wrap-break-word light markdown-new-styling\"><p data-start=\"3901\" data-end=\"3976\">Els conflictes a comunitats no s\u00f3n simples disputes personals. Impliquen: <\/p><ul data-start=\"3978\" data-end=\"4158\"><li data-start=\"3978\" data-end=\"4008\"><p data-start=\"3980\" data-end=\"4008\">Interpretaci\u00f3 destatuts.<\/p><\/li><li data-start=\"4009\" data-end=\"4056\"><p data-start=\"4011\" data-end=\"4056\">Aplicaci\u00f3 de la Llei de propietat horitzontal.<\/p><\/li><li data-start=\"4057\" data-end=\"4092\"><p data-start=\"4059\" data-end=\"4092\">C\u00e0lcul de majories qualificades.<\/p><\/li><li data-start=\"4093\" data-end=\"4117\"><p data-start=\"4095\" data-end=\"4117\">Responsabilitat civil.<\/p><\/li><li data-start=\"4118\" data-end=\"4158\"><p data-start=\"4120\" data-end=\"4158\">Procediments judicials espec\u00edfics.<\/p><\/li><\/ul><p data-start=\"4160\" data-end=\"4268\">En una intervenci\u00f3 est\u00e0ndard analitzem desenes d\u201faspectes documentals abans de recomanar una estrat\u00e8gia.<\/p><\/div><\/div><\/div><\/div><\/div><\/div><\/article><\/div>\t\t\t\t\t\t\t\t<\/div>\n\t\t\t\t<\/div>\n\t\t\t\t<div class=\"elementor-element elementor-element-fa9c3d3 elementor-widget elementor-widget-button\" data-id=\"fa9c3d3\" data-element_type=\"widget\" data-e-type=\"widget\" data-widget_type=\"button.default\">\n\t\t\t\t<div class=\"elementor-widget-container\">\n\t\t\t\t\t\t\t\t\t<div class=\"elementor-button-wrapper\">\n\t\t\t\t\t<a class=\"elementor-button elementor-button-link elementor-size-sm\" href=\"#contact-section\">\n\t\t\t\t\t\t<span class=\"elementor-button-content-wrapper\">\n\t\t\t\t\t\t\t\t\t<span class=\"elementor-button-text\">RESOL ELS TEUS DUBTES LEGALS<\/span>\n\t\t\t\t\t<\/span>\n\t\t\t\t\t<\/a>\n\t\t\t\t<\/div>\n\t\t\t\t\t\t\t\t<\/div>\n\t\t\t\t<\/div>\n\t\t\t\t<div class=\"elementor-element elementor-element-293f990 elementor-widget elementor-widget-heading\" data-id=\"293f990\" data-element_type=\"widget\" data-e-type=\"widget\" data-widget_type=\"heading.default\">\n\t\t\t\t<div class=\"elementor-widget-container\">\n\t\t\t\t\t<h2 class=\"elementor-heading-title elementor-size-default\">Conclusi\u00f3<\/h2>\t\t\t\t<\/div>\n\t\t\t\t<\/div>\n\t\t\t\t<div class=\"elementor-element elementor-element-3bce672 elementor-widget elementor-widget-text-editor\" data-id=\"3bce672\" data-element_type=\"widget\" data-e-type=\"widget\" data-widget_type=\"text-editor.default\">\n\t\t\t\t<div class=\"elementor-widget-container\">\n\t\t\t\t\t\t\t\t\t<p>La conviv\u00e8ncia en comunitat requereix normes clares i decisions ben fonamentades. Quan sorgeixen conflictes, \u00e9s fonamental actuar amb criteri jur\u00eddic i dins de termini. <\/p><p>A Vaello Legal oferim assessorament especialitzat en comunitats de propietaris a Barcelona, \u200b\u200btant per a comunitats com per a propietaris individuals.<\/p><p>Si tens un conflicte ve\u00efnal, una impugnaci\u00f3 pendent o necessites assessorament abans duna junta, parla amb nosaltres.<br> En propietat horitzontal, prevenir sempre \u00e9s m\u00e9s barat que litigar.<\/p>\t\t\t\t\t\t\t\t<\/div>\n\t\t\t\t<\/div>\n\t\t\t\t\t<\/div>\n\t\t\t\t<\/div>\n\t\t\t\t<\/div>\n\t\t","protected":false},"excerpt":{"rendered":"<p>Assessorament legal en propietat horitzontal i conflictes ve\u00efnals Especialistes en dret immobiliari, propietat horitzontal i resoluci\u00f3 de conflictes a comunitats de propietaris. RESOL ELS TEUS DUBTES LEGALS Resol els teus dubtes legals Viure en una comunitat de propietaris implica molt m\u00e9s que compartir despeses. Suposa conviure sota un r\u00e8gim jur\u00eddic espec\u00edfic \u2014la Llei de propietat [&hellip;]<\/p>\n","protected":false},"author":2,"featured_media":0,"parent":0,"menu_order":0,"comment_status":"closed","ping_status":"closed","template":"","meta":{"_acf_changed":false,"inline_featured_image":false,"footnotes":""},"tags":[],"class_list":["post-1742","page","type-page","status-publish","hentry"],"acf":[],"yoast_head":"<!-- This site is optimized with the Yoast SEO plugin v27.2 - https:\/\/yoast.com\/product\/yoast-seo-wordpress\/ -->\n<title>\u25b7Comunitats de propietaris - \u3010 Vaello Legal \u3011<\/title>\n<meta name=\"description\" content=\"Assessorament legal en propietat horitzontal i conflictes ve\u00efnals Especialistes en dret immobiliari, propietat horitzontal i resoluci\u00f3 de conflictes a \u2713\" \/>\n<meta name=\"robots\" content=\"index, follow, max-snippet:-1, max-image-preview:large, max-video-preview:-1\" \/>\n<link rel=\"canonical\" href=\"https:\/\/vaellolegal.com\/ca\/comunitats-de-propietaris\/\" \/>\n<meta property=\"og:locale\" content=\"ca_ES\" \/>\n<meta property=\"og:type\" content=\"article\" \/>\n<meta property=\"og:title\" content=\"\u25b7Comunitats de propietaris - \u3010 Vaello Legal \u3011\" \/>\n<meta property=\"og:description\" content=\"Assessorament legal en propietat horitzontal i conflictes ve\u00efnals Especialistes en dret immobiliari, propietat horitzontal i resoluci\u00f3 de conflictes a \u2713\" \/>\n<meta property=\"og:url\" content=\"https:\/\/vaellolegal.com\/ca\/comunitats-de-propietaris\/\" \/>\n<meta property=\"og:site_name\" content=\"Vaello Legal\" \/>\n<meta property=\"article:modified_time\" content=\"2026-03-13T17:19:41+00:00\" \/>\n<meta name=\"twitter:card\" content=\"summary_large_image\" \/>\n<meta name=\"twitter:label1\" content=\"Temps estimat de lectura\" \/>\n\t<meta name=\"twitter:data1\" content=\"3 minuts\" \/>\n<!-- \/ Yoast SEO plugin. -->","yoast_head_json":{"title":"\u25b7Comunitats de propietaris - \u3010 Vaello Legal \u3011","description":"Assessorament legal en propietat horitzontal i conflictes ve\u00efnals Especialistes en dret immobiliari, propietat horitzontal i resoluci\u00f3 de conflictes a \u2713","robots":{"index":"index","follow":"follow","max-snippet":"max-snippet:-1","max-image-preview":"max-image-preview:large","max-video-preview":"max-video-preview:-1"},"canonical":"https:\/\/vaellolegal.com\/ca\/comunitats-de-propietaris\/","og_locale":"ca_ES","og_type":"article","og_title":"\u25b7Comunitats de propietaris - \u3010 Vaello Legal \u3011","og_description":"Assessorament legal en propietat horitzontal i conflictes ve\u00efnals Especialistes en dret immobiliari, propietat horitzontal i resoluci\u00f3 de conflictes a \u2713","og_url":"https:\/\/vaellolegal.com\/ca\/comunitats-de-propietaris\/","og_site_name":"Vaello Legal","article_modified_time":"2026-03-13T17:19:41+00:00","twitter_card":"summary_large_image","twitter_misc":{"Temps estimat de lectura":"3 minuts"},"schema":{"@context":"https:\/\/schema.org","@graph":[{"@type":"WebPage","@id":"https:\/\/vaellolegal.com\/ca\/comunitats-de-propietaris\/","url":"https:\/\/vaellolegal.com\/ca\/comunitats-de-propietaris\/","name":"\u25b7Comunitats de propietaris - \u3010 Vaello Legal \u3011","isPartOf":{"@id":"https:\/\/vaellolegal.com\/ca\/#website"},"datePublished":"2026-02-16T15:47:54+00:00","dateModified":"2026-03-13T17:19:41+00:00","description":"Assessorament legal en propietat horitzontal i conflictes ve\u00efnals Especialistes en dret immobiliari, propietat horitzontal i resoluci\u00f3 de conflictes a \u2713","breadcrumb":{"@id":"https:\/\/vaellolegal.com\/ca\/comunitats-de-propietaris\/#breadcrumb"},"inLanguage":"ca","potentialAction":[{"@type":"ReadAction","target":["https:\/\/vaellolegal.com\/ca\/comunitats-de-propietaris\/"]}]},{"@type":"BreadcrumbList","@id":"https:\/\/vaellolegal.com\/ca\/comunitats-de-propietaris\/#breadcrumb","itemListElement":[{"@type":"ListItem","position":1,"name":"Portada","item":"https:\/\/vaellolegal.com\/ca\/"},{"@type":"ListItem","position":2,"name":"Comunitats de propietaris"}]},{"@type":"WebSite","@id":"https:\/\/vaellolegal.com\/ca\/#website","url":"https:\/\/vaellolegal.com\/ca\/","name":"Vaello Legal","description":"Abogados inmobiliarios en Barcelona","publisher":{"@id":"https:\/\/vaellolegal.com\/ca\/#organization"},"potentialAction":[{"@type":"SearchAction","target":{"@type":"EntryPoint","urlTemplate":"https:\/\/vaellolegal.com\/ca\/?s={search_term_string}"},"query-input":{"@type":"PropertyValueSpecification","valueRequired":true,"valueName":"search_term_string"}}],"inLanguage":"ca"},{"@type":"Organization","@id":"https:\/\/vaellolegal.com\/ca\/#organization","name":"Vaello Legal","url":"https:\/\/vaellolegal.com\/ca\/","logo":{"@type":"ImageObject","inLanguage":"ca","@id":"https:\/\/vaellolegal.com\/ca\/#\/schema\/logo\/image\/","url":"https:\/\/vaellolegal.com\/wp-content\/uploads\/2026\/02\/vaello_logo-title.edited.png","contentUrl":"https:\/\/vaellolegal.com\/wp-content\/uploads\/2026\/02\/vaello_logo-title.edited.png","width":1021,"height":446,"caption":"Vaello Legal"},"image":{"@id":"https:\/\/vaellolegal.com\/ca\/#\/schema\/logo\/image\/"}}]}},"_links":{"self":[{"href":"https:\/\/vaellolegal.com\/ca\/wp-json\/wp\/v2\/pages\/1742","targetHints":{"allow":["GET"]}}],"collection":[{"href":"https:\/\/vaellolegal.com\/ca\/wp-json\/wp\/v2\/pages"}],"about":[{"href":"https:\/\/vaellolegal.com\/ca\/wp-json\/wp\/v2\/types\/page"}],"author":[{"embeddable":true,"href":"https:\/\/vaellolegal.com\/ca\/wp-json\/wp\/v2\/users\/2"}],"replies":[{"embeddable":true,"href":"https:\/\/vaellolegal.com\/ca\/wp-json\/wp\/v2\/comments?post=1742"}],"version-history":[{"count":1,"href":"https:\/\/vaellolegal.com\/ca\/wp-json\/wp\/v2\/pages\/1742\/revisions"}],"predecessor-version":[{"id":1747,"href":"https:\/\/vaellolegal.com\/ca\/wp-json\/wp\/v2\/pages\/1742\/revisions\/1747"}],"wp:attachment":[{"href":"https:\/\/vaellolegal.com\/ca\/wp-json\/wp\/v2\/media?parent=1742"}],"wp:term":[{"taxonomy":"post_tag","embeddable":true,"href":"https:\/\/vaellolegal.com\/ca\/wp-json\/wp\/v2\/tags?post=1742"}],"curies":[{"name":"wp","href":"https:\/\/api.w.org\/{rel}","templated":true}]}}